{"id":457,"date":"2025-06-25T09:45:08","date_gmt":"2025-06-25T08:45:08","guid":{"rendered":"https:\/\/www.sociaalteamhouten.nl\/?post_type=hulpvraag&#038;p=457"},"modified":"2025-08-29T20:43:11","modified_gmt":"2025-08-29T19:43:11","slug":"mijn-kind-doet-zichzelf-pijn","status":"publish","type":"hulpvraag","link":"https:\/\/www.sociaalteamhouten.nl\/tr\/onderwerp\/gedachten-gevoelens-en-gezondheid\/mijn-kind-doet-zichzelf-pijn","title":{"rendered":"\u00c7ocu\u011fum kendini yaral\u0131yor"},"content":{"rendered":"<section class=\"block page-header block--page-header\" data-strip-color=\"secondary-light\">\n    <canvas id=\"headerCanvas\"><\/canvas>\n    <div class=\"block--page-header__content\">\n      <div class=\"container\">\n                <div class=\"row\">\n                      <div class=\"col-lg-3 d-flex justify-content-lg-end flex-column\">\n              <figure\n        class=\"image block--page-header__image-left d-none d-lg-block\"\n        \n    >\n        <img decoding=\"async\"\n            class=\"image__img image-position--center\"\n            src=\"https:\/\/www.sociaalteamhouten.nl\/wp-content\/uploads\/2025\/06\/gesprek-met-je-puber-1.png\"\n            alt=\"\"\n            loading=\"lazy\"\n        \/>\n        \n    <\/figure>\n            <\/div>\n          \n          <div\n            class=\"col-lg-6 my-auto\"\n          >\n            <h1 class=\"block--page-header__title mb-0 h1 d-none d-lg-block\" >Mijn kind doet zichzelf pijn<\/h1>\n    <h1 class=\"block--page-header__title mb-0 h1 d-block d-lg-none\" >Mijn kind doet zichzelf pijn<\/h1>\n            \n            \n            <div class=\"text-wrapper block--page-header__text mt-8\">\n              <p><span class=\"TextRun SCXW179090441 BCX8\" lang=\"NL-NL\" xml:lang=\"NL-NL\" data-contrast=\"none\"><span class=\"NormalTextRun SCXW179090441 BCX8\">Doet je kind zichzelf expres pijn? Dan is het belangrijk om snel iets te doen. Dit kan betekenen dat je kind zich van binnen heel slecht voelt.<\/span><span class=\"NormalTextRun SCXW179090441 BCX8\"> Of ook wel van diepere emotionele of psychische problemen.<\/span><span class=\"NormalTextRun SCXW179090441 BCX8\"> Neem dit altijd serieus en zoek hulp. Zo kun je je kind de steun geven die het nodig heeft.<\/span><\/span><span class=\"EOP SCXW179090441 BCX8\" data-ccp-props=\"{&quot;335559737&quot;:2403}\">\u00a0<\/span><\/p>\n            <\/div>\n            \n            \n            \n            \n                      <\/div>\n                      <div class=\"col-xl-2 offset-xl-1 col-lg-3\">\n              <figure\n        class=\"image block--page-header__image-right mt-10 mt-lg-0 mx-auto\"\n        \n    >\n        <img decoding=\"async\"\n            class=\"image__img image-position--center\"\n            src=\"https:\/\/www.sociaalteamhouten.nl\/wp-content\/uploads\/2025\/06\/verdrietig-kind.png\"\n            alt=\"\"\n            loading=\"lazy\"\n        \/>\n        \n    <\/figure>\n            <\/div>\n                  <\/div>\n      <\/div>\n    <\/div>\n  <\/section>\n\n\n<section class=\"block text block--text block--no-spacing-top block--double-spacing background-secondary-light\">\n    <div class=\"container\">\n      <div class=\"row\">\n        <div class=\"col-lg-4 offset-lg-1\">\n          <h2 class=\"wp-block-text h2 d-none d-lg-block\" >Wat kun jij?<\/h2>\n    <h2 class=\"wp-block-text h2 d-block d-lg-none\" >Wat kun jij?<\/h2>\n        <\/div>\n        <div class=\"col-lg-5 offset-lg-1 mt-lg-4\">\n          <div class=\"text-wrapper\"><p><b><span data-contrast=\"auto\">Huisarts of POH<\/span><\/b> <span data-contrast=\"auto\">\u00a0\u00a0\u00a0\u00a0\u00a0\u00a0\u00a0\u00a0\u00a0\u00a0\u00a0\u00a0\u00a0\u00a0\u00a0\u00a0\u00a0\u00a0\u00a0\u00a0\u00a0\u00a0 <\/span> <span data-contrast=\"auto\">\u00a0\u00a0\u00a0\u00a0\u00a0\u00a0\u00a0\u00a0\u00a0\u00a0\u00a0<\/span><span data-ccp-props=\"{&quot;335559737&quot;:2403}\">\u00a0<\/span><\/p>\n<p><span data-contrast=\"none\">Heeft je kind wonden of zichtbare schade door het zichzelf pijn doen? Ga dan naar de huisarts of de praktijkondersteuner (POH). Zij kunnen zien hoe erg het is en vertellen wat je kunt doen.<\/span><span data-ccp-props=\"{&quot;335559737&quot;:2403}\">\u00a0<\/span><\/p>\n<p><b><span data-contrast=\"auto\">Gesprek met school<\/span><\/b> <span data-contrast=\"auto\">\u00a0\u00a0\u00a0\u00a0\u00a0\u00a0\u00a0\u00a0\u00a0\u00a0\u00a0\u00a0\u00a0\u00a0\u00a0\u00a0\u00a0\u00a0\u00a0\u00a0\u00a0\u00a0\u00a0\u00a0\u00a0\u00a0\u00a0\u00a0\u00a0\u00a0<\/span><span data-ccp-props=\"{&quot;335559737&quot;:2403}\">\u00a0<\/span><\/p>\n<p><span data-contrast=\"auto\">Denk je dat het pijn doen te maken heeft met school of druk van anderen? Praat dan met de school of met een arts van de GGD. Samen kunnen jullie zoeken naar een manier om je kind goed te helpen.<\/span><span data-ccp-props=\"{&quot;335559737&quot;:2403}\"> Ook kan de Intern Begeleider of jeugdarts van de school de leerkracht betrekken bij het bieden van ondersteuning.\u00a0<\/span><\/p>\n<p><b><span data-contrast=\"auto\">De Kindertelefoon<\/span><\/b> <span data-contrast=\"auto\">\u00a0\u00a0\u00a0\u00a0\u00a0\u00a0\u00a0\u00a0\u00a0\u00a0\u00a0\u00a0\u00a0\u00a0\u00a0\u00a0\u00a0\u00a0\u00a0\u00a0\u00a0\u00a0\u00a0\u00a0\u00a0 <\/span> <span data-contrast=\"auto\">\u00a0<\/span><span data-ccp-props=\"{&quot;335559737&quot;:2545}\">\u00a0<\/span><\/p>\n<p><span data-contrast=\"auto\">Wil je kind niet met jou praten? Misschien schaamt het zich. Dan kan <\/span><a href=\"http:\/\/www.kindertelefoon.nl\/\"><span data-contrast=\"none\">De Kindertelefoon<\/span><\/a> <span data-contrast=\"auto\">helpen. Je kind kan daar anoniem praten met iemand die luistert. Dit is altijd anoniem.<\/span><span data-ccp-props=\"{&quot;335559737&quot;:2545}\">\u00a0<\/span><\/p>\n<\/div>\n          <div class=\"block--text__buttons\">\n                                  <\/div>\n\n                  <\/div>\n      <\/div>\n    <\/div>\n  <\/section>\n\n\n<section class=\"block text block--text block--double-spacing background-black\">\n    <div class=\"container\">\n      <div class=\"row\">\n        <div class=\"col-lg-4 offset-lg-1\">\n          <h2 class=\"wp-block-text h2 d-none d-lg-block\" >Wat doen wij?<\/h2>\n    <h2 class=\"wp-block-text h2 d-block d-lg-none\" >Wat doen wij?<\/h2>\n        <\/div>\n        <div class=\"col-lg-5 offset-lg-1 mt-lg-4\">\n          <div class=\"text-wrapper\"><p><span data-contrast=\"none\">Wordt het niet beter? Of weet je niet wat je moet doen? Dan denken wij graag met je mee. Samen zoeken we hulp die past bij jouw kind.<\/span><span data-ccp-props=\"{&quot;335559737&quot;:2403}\"> In acuut gevaar: bel 112.\u00a0<\/span><\/p>\n<\/div>\n          <div class=\"block--text__buttons\">\n                                  <\/div>\n\n                  <\/div>\n      <\/div>\n    <\/div>\n  <\/section>\n\n\n<section class=\"block image block--image\">\n            <figure\n        class=\"image wp-block-image\"\n        \n    >\n        <img decoding=\"async\"\n            class=\"image__img image-position--center\"\n            src=\"https:\/\/www.sociaalteamhouten.nl\/wp-content\/uploads\/2025\/07\/251A5159.webp\"\n            alt=\"\"\n            loading=\"lazy\"\n        \/>\n        \n    <\/figure>\n        <\/section>\n    \n\n<section class=\"block navigation-swiper block--navigation-swiper block--double-spacing background-primary-light\" class=\"block--navigation-advanced\">\n        <div class=\"container\">\n            <div class=\"row\">\n                <div class=\"col-lg-12\">\n                                    <\/div>\n            <\/div>\n\n                    <\/div>\n    <\/section>\n\n    \n    <script>\n        (function() {\n            \/\/ Definieer de functies direct op window om 'not defined' errors te voorkomen\n            window.switchTheme = function(themeId) {\n                const wrapper = document.getElementById('navigation-advanced-wrapper');\n                if (!wrapper) return;\n\n                wrapper.dataset.activeTheme = themeId;\n\n                \/\/ Update button classes\n                document.querySelectorAll('.block--navigation-advanced__themes__btn').forEach(btn => {\n                    const parent = btn.closest('.theme-menu-item');\n                    if (parent) {\n                        btn.classList.toggle('is-active', parent.dataset.themeId == themeId);\n                    }\n                });\n\n                const activeAudience = localStorage.getItem('activeAudience') || 'kind';\n                window.filterHulpvragen(activeAudience);\n            };\n\n            window.filterHulpvragen = function(audience) {\n                const wrapper = document.getElementById('navigation-advanced-wrapper');\n                if (!wrapper) return;\n                \n                const activeTheme = wrapper.dataset.activeTheme;\n                let hasVisible = false;\n\n                \/\/ 1. Filter de hulpvragen\n                document.querySelectorAll('.hulpvraag-item').forEach(item => {\n                    const matchesTheme = item.dataset.themeParent == activeTheme;\n                    const matchesAudience = item.dataset.audiences.split(' ').includes(audience);\n\n                    if (matchesTheme && matchesAudience) {\n                        item.style.display = 'block';\n                        hasVisible = true;\n                    } else {\n                        item.style.display = 'none';\n                    }\n                });\n\n                const noResults = document.getElementById('no-results-msg');\n                if (noResults) noResults.style.display = hasVisible ? 'none' : 'block';\n\n                \/\/ 2. Verberg\/toon thema's die geen vragen hebben voor deze doelgroep\n                document.querySelectorAll('.theme-menu-item').forEach(menuItem => {\n                    const tId = menuItem.dataset.themeId;\n                    \/\/ Check of er minstens \u00e9\u00e9n hulpvraag is voor dit thema en deze doelgroep\n                    const hasQuestions = document.querySelector(`.hulpvraag-item[data-theme-parent=\"${tId}\"][data-audiences~=\"${audience}\"]`);\n                    menuItem.style.display = hasQuestions ? 'block' : 'none';\n                });\n            };\n\n            \/\/ Initialisatie\n            document.addEventListener('DOMContentLoaded', () => {\n                const currentAudience = localStorage.getItem('activeAudience') || 'kind';\n                const initialTheme = document.getElementById('navigation-advanced-wrapper')?.dataset.activeTheme;\n                \n                if (initialTheme) {\n                    window.switchTheme(initialTheme);\n                } else {\n                    window.filterHulpvragen(currentAudience);\n                }\n            });\n        })();\n    <\/script>\n\n\n<section class=\"block banner block--banner\">\n        <div class=\"container-fluid g-0\">\n            <div class=\"row\">\n                <div class=\"col-lg-5 mt-auto\">\n                    <figure\n        class=\"image block--banner__image\"\n        \n    >\n        <img decoding=\"async\"\n            class=\"image__img image-position--top\"\n            src=\"https:\/\/www.sociaalteamhouten.nl\/wp-content\/uploads\/2025\/07\/251A3923-e1751982140819.webp\"\n            alt=\"\"\n            loading=\"lazy\"\n        \/>\n        \n    <\/figure>\n                <\/div>\n                <svg width=\"0\" height=\"0\" viewBox=\"0 0 596 429\" xmlns=\"http:\/\/www.w3.org\/2000\/svg\" style=\"position: absolute;\">\n                    <clipPath id=\"customClip\" clipPathUnits=\"objectBoundingBox\">\n                        <path d=\"M0.4854 0C0.6873 0 0.8243 0.162 0.9191 0.553L0.9192 0.553C0.9192 0.553 0.9191 0.553 0.9191 0.553V0.553C0.9497 0.6783 0.9796 0.8265 1 1H0V0.811C0.0957 0.232 0.244 0 0.4854 0Z\" \/>\n                    <\/clipPath>\n                <\/svg>\n                <div class=\"col-lg-6 g-5 g-lg-0 offset-lg-1 align-content-lg-center order-first order-lg-last\">\n                    <div class=\"py-0 py-lg-10\">\n                        <h2 class=\"block--banner__title h2 d-none d-lg-block\" >Ik wil met <br>iemand praten<\/h2>\n    <h2 class=\"block--banner__title h2 d-block d-lg-none\" >Ik wil met <br>iemand praten<\/h2>\n                        <h4 class=\"mt-0 mt-lg-4\">Neem contact met ons op<\/h4>\n                        <div class=\"block--banner__buttons mt-6 mt-lg-10\">\n                                                            <div>\n                                    <a tabindex=\"0\" class=\"btn\" href=\"tel:0306392250\">\n                                        <i class=\"icon icon-phone me-3\"><\/i>030 639 2250                                    <\/a>\n                                <\/div>\n                                <div>\n                                    <a tabindex=\"0\" class=\"btn\" href=\"mailto:info@sociaalteamhouten.nl\">\n                                        <i class=\"icon icon-email me-3\"><\/i>info@sociaalteamhouten.nl                                    <\/a>\n                                <\/div>\n                                                    <\/div>\n                    <\/div>\n                <\/div>\n            <\/div>\n        <\/div>\n    <\/section>\n","protected":false},"featured_media":0,"parent":0,"template":"","audience":[9],"class_list":["post-457","hulpvraag","type-hulpvraag","status-publish","hentry","audience-kind","theme_tax-gedachten-gevoelens-en-gezondheid"],"acf":[],"yoast_head":"<!-- This site is optimized with the Yoast SEO plugin v27.3 - https:\/\/yoast.com\/product\/yoast-seo-wordpress\/ -->\n<title>Mijn kind doet zichzelf pijn - Sociaal Team Houten<\/title>\n<meta name=\"description\" content=\"Bij het Sociaal Team Houten zien we verandering niet als een probleem, maar een uitdaging die we aangaan. Samen kijken we naar wat w\u00e9l kan. - Mijn kind doet zichzelf pijn\" \/>\n<meta name=\"robots\" content=\"index, follow, max-snippet:-1, max-image-preview:large, max-video-preview:-1\" \/>\n<link rel=\"canonical\" href=\"https:\/\/www.sociaalteamhouten.nl\/tr\/onderwerp\/gedachten-gevoelens-en-gezondheid\/mijn-kind-doet-zichzelf-pijn\/\" \/>\n<meta property=\"og:locale\" content=\"tr_TR\" \/>\n<meta property=\"og:type\" content=\"article\" \/>\n<meta property=\"og:title\" content=\"Mijn kind doet zichzelf pijn - Sociaal Team Houten\" \/>\n<meta property=\"og:description\" content=\"Bij het Sociaal Team Houten zien we verandering niet als een probleem, maar een uitdaging die we aangaan. Samen kijken we naar wat w\u00e9l kan. - Mijn kind doet zichzelf pijn\" \/>\n<meta property=\"og:url\" content=\"https:\/\/www.sociaalteamhouten.nl\/tr\/onderwerp\/gedachten-gevoelens-en-gezondheid\/mijn-kind-doet-zichzelf-pijn\/\" \/>\n<meta property=\"og:site_name\" content=\"Sociaal Team Houten\" \/>\n<meta property=\"article:modified_time\" content=\"2025-08-29T19:43:11+00:00\" \/>\n<meta name=\"twitter:card\" content=\"summary_large_image\" \/>\n<meta name=\"twitter:label1\" content=\"Tahmini okuma s\u00fcresi\" \/>\n\t<meta name=\"twitter:data1\" content=\"2 dakika\" \/>\n<script type=\"application\/ld+json\" class=\"yoast-schema-graph\">{\"@context\":\"https:\\\/\\\/schema.org\",\"@graph\":[{\"@type\":\"WebPage\",\"@id\":\"https:\\\/\\\/www.sociaalteamhouten.nl\\\/onderwerp\\\/gedachten-gevoelens-en-gezondheid\\\/mijn-kind-doet-zichzelf-pijn\\\/\",\"url\":\"https:\\\/\\\/www.sociaalteamhouten.nl\\\/onderwerp\\\/gedachten-gevoelens-en-gezondheid\\\/mijn-kind-doet-zichzelf-pijn\\\/\",\"name\":\"Mijn kind doet zichzelf pijn - Sociaal Team Houten\",\"isPartOf\":{\"@id\":\"https:\\\/\\\/www.sociaalteamhouten.nl\\\/#website\"},\"datePublished\":\"2025-06-25T08:45:08+00:00\",\"dateModified\":\"2025-08-29T19:43:11+00:00\",\"description\":\"Bij het Sociaal Team Houten zien we verandering niet als een probleem, maar een uitdaging die we aangaan. Samen kijken we naar wat w\u00e9l kan. - Mijn kind doet zichzelf pijn\",\"breadcrumb\":{\"@id\":\"https:\\\/\\\/www.sociaalteamhouten.nl\\\/onderwerp\\\/gedachten-gevoelens-en-gezondheid\\\/mijn-kind-doet-zichzelf-pijn\\\/#breadcrumb\"},\"inLanguage\":\"tr\",\"potentialAction\":[{\"@type\":\"ReadAction\",\"target\":[\"https:\\\/\\\/www.sociaalteamhouten.nl\\\/onderwerp\\\/gedachten-gevoelens-en-gezondheid\\\/mijn-kind-doet-zichzelf-pijn\\\/\"]}]},{\"@type\":\"BreadcrumbList\",\"@id\":\"https:\\\/\\\/www.sociaalteamhouten.nl\\\/onderwerp\\\/gedachten-gevoelens-en-gezondheid\\\/mijn-kind-doet-zichzelf-pijn\\\/#breadcrumb\",\"itemListElement\":[{\"@type\":\"ListItem\",\"position\":1,\"name\":\"Home\",\"item\":\"https:\\\/\\\/www.sociaalteamhouten.nl\\\/\"},{\"@type\":\"ListItem\",\"position\":2,\"name\":\"Mijn kind doet zichzelf pijn\"}]},{\"@type\":\"WebSite\",\"@id\":\"https:\\\/\\\/www.sociaalteamhouten.nl\\\/#website\",\"url\":\"https:\\\/\\\/www.sociaalteamhouten.nl\\\/\",\"name\":\"Sociaal Team Houten\",\"description\":\"Samen verder\",\"publisher\":{\"@id\":\"https:\\\/\\\/www.sociaalteamhouten.nl\\\/#organization\"},\"potentialAction\":[{\"@type\":\"SearchAction\",\"target\":{\"@type\":\"EntryPoint\",\"urlTemplate\":\"https:\\\/\\\/www.sociaalteamhouten.nl\\\/?s={search_term_string}\"},\"query-input\":{\"@type\":\"PropertyValueSpecification\",\"valueRequired\":true,\"valueName\":\"search_term_string\"}}],\"inLanguage\":\"tr\"},{\"@type\":\"Organization\",\"@id\":\"https:\\\/\\\/www.sociaalteamhouten.nl\\\/#organization\",\"name\":\"Sociaal Team Houten\",\"url\":\"https:\\\/\\\/www.sociaalteamhouten.nl\\\/\",\"logo\":{\"@type\":\"ImageObject\",\"inLanguage\":\"tr\",\"@id\":\"https:\\\/\\\/www.sociaalteamhouten.nl\\\/#\\\/schema\\\/logo\\\/image\\\/\",\"url\":\"https:\\\/\\\/www.sociaalteamhouten.nl\\\/wp-content\\\/uploads\\\/2025\\\/04\\\/logo.svg\",\"contentUrl\":\"https:\\\/\\\/www.sociaalteamhouten.nl\\\/wp-content\\\/uploads\\\/2025\\\/04\\\/logo.svg\",\"caption\":\"Sociaal Team Houten\"},\"image\":{\"@id\":\"https:\\\/\\\/www.sociaalteamhouten.nl\\\/#\\\/schema\\\/logo\\\/image\\\/\"}}]}<\/script>\n<!-- \/ Yoast SEO plugin. -->","yoast_head_json":{"title":"\u00c7ocu\u011fum kendini yaral\u0131yor - Social Team Houten","description":"Sociaal Team Houten'de de\u011fi\u015fimi bir sorun olarak de\u011fil, \u00fcstesinden gelmemiz gereken bir meydan okuma olarak g\u00f6r\u00fcyoruz. Birlikte neler yap\u0131labilece\u011fine bakar\u0131z. - \u00c7ocu\u011fum kendine zarar veriyor","robots":{"index":"index","follow":"follow","max-snippet":"max-snippet:-1","max-image-preview":"max-image-preview:large","max-video-preview":"max-video-preview:-1"},"canonical":"https:\/\/www.sociaalteamhouten.nl\/tr\/onderwerp\/gedachten-gevoelens-en-gezondheid\/mijn-kind-doet-zichzelf-pijn\/","og_locale":"tr_TR","og_type":"article","og_title":"Mijn kind doet zichzelf pijn - Sociaal Team Houten","og_description":"Bij het Sociaal Team Houten zien we verandering niet als een probleem, maar een uitdaging die we aangaan. Samen kijken we naar wat w\u00e9l kan. - Mijn kind doet zichzelf pijn","og_url":"https:\/\/www.sociaalteamhouten.nl\/tr\/onderwerp\/gedachten-gevoelens-en-gezondheid\/mijn-kind-doet-zichzelf-pijn\/","og_site_name":"Sociaal Team Houten","article_modified_time":"2025-08-29T19:43:11+00:00","twitter_card":"summary_large_image","twitter_misc":{"Tahmini okuma s\u00fcresi":"2 dakika"},"schema":{"@context":"https:\/\/schema.org","@graph":[{"@type":"WebPage","@id":"https:\/\/www.sociaalteamhouten.nl\/onderwerp\/gedachten-gevoelens-en-gezondheid\/mijn-kind-doet-zichzelf-pijn\/","url":"https:\/\/www.sociaalteamhouten.nl\/onderwerp\/gedachten-gevoelens-en-gezondheid\/mijn-kind-doet-zichzelf-pijn\/","name":"\u00c7ocu\u011fum kendini yaral\u0131yor - Social Team Houten","isPartOf":{"@id":"https:\/\/www.sociaalteamhouten.nl\/#website"},"datePublished":"2025-06-25T08:45:08+00:00","dateModified":"2025-08-29T19:43:11+00:00","description":"Sociaal Team Houten'de de\u011fi\u015fimi bir sorun olarak de\u011fil, \u00fcstesinden gelmemiz gereken bir meydan okuma olarak g\u00f6r\u00fcyoruz. Birlikte neler yap\u0131labilece\u011fine bakar\u0131z. - \u00c7ocu\u011fum kendine zarar veriyor","breadcrumb":{"@id":"https:\/\/www.sociaalteamhouten.nl\/onderwerp\/gedachten-gevoelens-en-gezondheid\/mijn-kind-doet-zichzelf-pijn\/#breadcrumb"},"inLanguage":"tr","potentialAction":[{"@type":"ReadAction","target":["https:\/\/www.sociaalteamhouten.nl\/onderwerp\/gedachten-gevoelens-en-gezondheid\/mijn-kind-doet-zichzelf-pijn\/"]}]},{"@type":"BreadcrumbList","@id":"https:\/\/www.sociaalteamhouten.nl\/onderwerp\/gedachten-gevoelens-en-gezondheid\/mijn-kind-doet-zichzelf-pijn\/#breadcrumb","itemListElement":[{"@type":"ListItem","position":1,"name":"Home","item":"https:\/\/www.sociaalteamhouten.nl\/"},{"@type":"ListItem","position":2,"name":"Mijn kind doet zichzelf pijn"}]},{"@type":"WebSite","@id":"https:\/\/www.sociaalteamhouten.nl\/#website","url":"https:\/\/www.sociaalteamhouten.nl\/","name":"Sosyal Ekip Houten","description":"Daha fazla birlikte","publisher":{"@id":"https:\/\/www.sociaalteamhouten.nl\/#organization"},"potentialAction":[{"@type":"SearchAction","target":{"@type":"EntryPoint","urlTemplate":"https:\/\/www.sociaalteamhouten.nl\/?s={search_term_string}"},"query-input":{"@type":"PropertyValueSpecification","valueRequired":true,"valueName":"search_term_string"}}],"inLanguage":"tr"},{"@type":"Organization","@id":"https:\/\/www.sociaalteamhouten.nl\/#organization","name":"Sosyal Ekip Houten","url":"https:\/\/www.sociaalteamhouten.nl\/","logo":{"@type":"ImageObject","inLanguage":"tr","@id":"https:\/\/www.sociaalteamhouten.nl\/#\/schema\/logo\/image\/","url":"https:\/\/www.sociaalteamhouten.nl\/wp-content\/uploads\/2025\/04\/logo.svg","contentUrl":"https:\/\/www.sociaalteamhouten.nl\/wp-content\/uploads\/2025\/04\/logo.svg","caption":"Sociaal Team Houten"},"image":{"@id":"https:\/\/www.sociaalteamhouten.nl\/#\/schema\/logo\/image\/"}}]}},"_links":{"self":[{"href":"https:\/\/www.sociaalteamhouten.nl\/tr\/wp-json\/wp\/v2\/hulpvraag\/457","targetHints":{"allow":["GET"]}}],"collection":[{"href":"https:\/\/www.sociaalteamhouten.nl\/tr\/wp-json\/wp\/v2\/hulpvraag"}],"about":[{"href":"https:\/\/www.sociaalteamhouten.nl\/tr\/wp-json\/wp\/v2\/types\/hulpvraag"}],"wp:attachment":[{"href":"https:\/\/www.sociaalteamhouten.nl\/tr\/wp-json\/wp\/v2\/media?parent=457"}],"wp:term":[{"taxonomy":"audience","embeddable":true,"href":"https:\/\/www.sociaalteamhouten.nl\/tr\/wp-json\/wp\/v2\/audience?post=457"}],"curies":[{"name":"wp","href":"https:\/\/api.w.org\/{rel}","templated":true}]}}