{"id":18,"date":"2025-04-17T12:18:18","date_gmt":"2025-04-17T11:18:18","guid":{"rendered":"https:\/\/www.sociaalteamhouten.nl\/?page_id=18"},"modified":"2025-10-21T09:45:32","modified_gmt":"2025-10-21T08:45:32","slug":"agenda","status":"publish","type":"page","link":"https:\/\/www.sociaalteamhouten.nl\/tr\/agenda\/","title":{"rendered":"G\u00fcndem"},"content":{"rendered":"<section class=\"block page-header block--page-header block--no-spacing-bottom\" data-strip-color=\"secondary-light\">\n    <canvas id=\"headerCanvas\"><\/canvas>\n    <div class=\"block--page-header__content\">\n      <div class=\"container\">\n                <div class=\"row\">\n                      <div class=\"col-lg-3 d-flex justify-content-lg-end flex-column\">\n              <figure\n        class=\"image block--page-header__image-left d-none d-lg-block\"\n        \n    >\n        <img decoding=\"async\"\n            class=\"image__img image-position--center\"\n            src=\"https:\/\/www.sociaalteamhouten.nl\/wp-content\/uploads\/2025\/07\/251A3933.webp\"\n            alt=\"\"\n            loading=\"lazy\"\n        \/>\n        \n    <\/figure>\n            <\/div>\n          \n          <div\n            class=\"col-lg-6 my-auto\"\n          >\n            <h1 class=\"block--page-header__title mb-0 h1 d-none d-lg-block\" >G\u00fcndem<\/h1>\n    <h1 class=\"block--page-header__title mb-0 h1 d-block d-lg-none\" >G\u00fcndem<\/h1>\n            \n            \n            <div class=\"text-wrapper block--page-header__text mt-8\">\n              <p>Burada Social Team Houten taraf\u0131ndan d\u00fczenlenen ya da Social Team Houten'e dahil olan t\u00fcm faaliyet, toplant\u0131 ve etkinliklere genel bir bak\u0131\u015f bulacaks\u0131n\u0131z. \u0130ster bir poliklinik, ister bir tema toplant\u0131s\u0131, ister benzer d\u00fc\u015f\u00fcnen insanlarla bir bulu\u015fma veya bilgilendirici bir at\u00f6lye \u00e7al\u0131\u015fmas\u0131 ar\u0131yor olun: burada her \u015feyi tek bir yerde bulacaks\u0131n\u0131z.<\/p>\n            <\/div>\n            \n            \n            \n            \n                      <\/div>\n                      <div class=\"col-xl-2 offset-xl-1 col-lg-3\">\n              <figure\n        class=\"image block--page-header__image-right mt-10 mt-lg-0 mx-auto\"\n        \n    >\n        <img decoding=\"async\"\n            class=\"image__img image-position--center\"\n            src=\"https:\/\/www.sociaalteamhouten.nl\/wp-content\/uploads\/2025\/07\/251A5126.webp\"\n            alt=\"\"\n            loading=\"lazy\"\n        \/>\n        \n    <\/figure>\n            <\/div>\n                  <\/div>\n      <\/div>\n    <\/div>\n  <\/section>\n\n\n<section class=\"block info-block block--info-block block--no-spacing-top block--double-spacing background-secondary-light\">\n    <div class=\"container\">\n      <div class=\"mb-5 mb-lg-9\">\n        <h2 class=\"wp-block-info-block h2 d-none d-lg-block\" >Girin<\/h2>\n    <h2 class=\"wp-block-info-block h2 d-block d-lg-none\" >Girin<\/h2>\n      <\/div>\n      <div class=\"block--info-block__items row\">\n                  <div class=\"col-lg-6\">\n            <div class=\"block--info-block__item\">\n              <h3 class=\"block--info-block__item__title h4\">\n                Sosyal Meydan\n              <\/h3>\n              <div class=\"row block--info-block__item__content gy-1\">\n                <div class=\"col-md-6 col-xl-7 d-flex align-items-baseline\">\n                  <i class=\"icon icon-calendar me-3\"><\/i>\n                  <div class=\"w-100\">\n                                          <div\n                        class=\"row mb-md-3 mb-xl-0 block--info-block__item__time\"\n                      >\n                        <span class=\"col-xl-5\">\n                          Pazartesi\n                        <\/span>\n                        <span class=\"col-xl-7\">\n                          6.30 - 9pm\n                        <\/span>\n                      <\/div>\n                                          <div\n                        class=\"row mb-md-3 mb-xl-0 block--info-block__item__time\"\n                      >\n                        <span class=\"col-xl-5\">\n                          Sal\u0131\n                        <\/span>\n                        <span class=\"col-xl-7\">\n                          13.30 ile 16.30 aras\u0131\n                        <\/span>\n                      <\/div>\n                                          <div\n                        class=\"row mb-md-3 mb-xl-0 block--info-block__item__time\"\n                      >\n                        <span class=\"col-xl-5\">\n                          \u00c7ar\u015famba\n                        <\/span>\n                        <span class=\"col-xl-7\">\n                          13.30 ile 16.30 aras\u0131\n                        <\/span>\n                      <\/div>\n                                          <div\n                        class=\"row mb-md-3 mb-xl-0 block--info-block__item__time\"\n                      >\n                        <span class=\"col-xl-5\">\n                          Per\u015fembe\n                        <\/span>\n                        <span class=\"col-xl-7\">\n                          09.30 - 12.00\n                        <\/span>\n                      <\/div>\n                                      <\/div>\n                <\/div>\n                <div class=\"col-md-6 col-xl-5 d-flex align-items-baseline\">\n                  <i class=\"icon icon-location me-3\"><\/i>\n                  <span>Houten Evi<\/span>\n                <\/div>\n              <\/div>\n                              <div class=\"block--info-block__item__buttons mt-4\">\n                                      <a\n            href=\"https:\/\/sociaalpleinhouten.nl\"\n                aria-label=\"Open in een nieuw tabblad\"\n        tabindex=\"0\"\n            target=\"_blank\"\n        class=\"btn btn wp-block-info-block\"\n            data-no-translation=\"true\"\n          >\n    sociaalpleinhouten.nl\n    \n  <\/a>\n\n                                    <\/div>\n                          <\/div>\n          <\/div>\n                  <div class=\"col-lg-6\">\n            <div class=\"block--info-block__item\">\n              <h3 class=\"block--info-block__item__title h4\">\n                Bilgi Klini\u011fi\n              <\/h3>\n              <div class=\"row block--info-block__item__content gy-1\">\n                <div class=\"col-md-6 col-xl-7 d-flex align-items-baseline\">\n                  <i class=\"icon icon-calendar me-3\"><\/i>\n                  <div class=\"w-100\">\n                                          <div\n                        class=\"row mb-md-3 mb-xl-0 block--info-block__item__time\"\n                      >\n                        <span class=\"col-xl-5\">\n                          \u00c7ar\u015famba\n                        <\/span>\n                        <span class=\"col-xl-7\">\n                          19:00 - 20:30  \n                        <\/span>\n                      <\/div>\n                                          <div\n                        class=\"row mb-md-3 mb-xl-0 block--info-block__item__time\"\n                      >\n                        <span class=\"col-xl-5\">\n                          Cuma\n                        <\/span>\n                        <span class=\"col-xl-7\">\n                          Sabah 10'dan 11.30'a kadar. \n                        <\/span>\n                      <\/div>\n                                      <\/div>\n                <\/div>\n                <div class=\"col-md-6 col-xl-5 d-flex align-items-baseline\">\n                  <i class=\"icon icon-location me-3\"><\/i>\n                  <span>Belediye binas\u0131<\/span>\n                <\/div>\n              <\/div>\n                              <div class=\"block--info-block__item__buttons mt-4\">\n                                      <a\n            href=\"https:\/\/www.infospreekuurhouten.nl\/\"\n                aria-label=\"Open in een nieuw tabblad\"\n        tabindex=\"0\"\n            target=\"_blank\"\n        class=\"btn btn wp-block-info-block\"\n            data-no-translation=\"true\"\n          >\n    infospreekuurhouten.nl\n    \n  <\/a>\n\n                                    <\/div>\n                          <\/div>\n          <\/div>\n                  <div class=\"col-lg-6\">\n            <div class=\"block--info-block__item\">\n              <h3 class=\"block--info-block__item__title h4\">\n                \u0130li\u015fki ve bo\u015fanma dan\u0131\u015fmanl\u0131\u011f\u0131\n              <\/h3>\n              <div class=\"row block--info-block__item__content gy-1\">\n                <div class=\"col-md-6 col-xl-7 d-flex align-items-baseline\">\n                  <i class=\"icon icon-calendar me-3\"><\/i>\n                  <div class=\"w-100\">\n                                          <div\n                        class=\"row mb-md-3 mb-xl-0 block--info-block__item__time\"\n                      >\n                        <span class=\"col-xl-5\">\n                          Per\u015fembe\n                        <\/span>\n                        <span class=\"col-xl-7\">\n                          09.30 - 11.30 aras\u0131.\n                        <\/span>\n                      <\/div>\n                                      <\/div>\n                <\/div>\n                <div class=\"col-md-6 col-xl-5 d-flex align-items-baseline\">\n                  <i class=\"icon icon-location me-3\"><\/i>\n                  <span>Houten Evi<\/span>\n                <\/div>\n              <\/div>\n                              <div class=\"block--info-block__item__buttons mt-4\">\n                                      <a\n            href=\"https:\/\/www.houten.nl\/scheiden\"\n                aria-label=\"Open in een nieuw tabblad\"\n        tabindex=\"0\"\n            target=\"_blank\"\n        class=\"btn btn wp-block-info-block\"\n            data-no-translation=\"true\"\n          >\n    houten.nl\/scheiden\n    \n  <\/a>\n\n                                    <\/div>\n                          <\/div>\n          <\/div>\n                  <div class=\"col-lg-6\">\n            <div class=\"block--info-block__item\">\n              <h3 class=\"block--info-block__item__title h4\">\n                Houten Hukuk Dan\u0131\u015fma Merkezi\n              <\/h3>\n              <div class=\"row block--info-block__item__content gy-1\">\n                <div class=\"col-md-6 col-xl-7 d-flex align-items-baseline\">\n                  <i class=\"icon icon-calendar me-3\"><\/i>\n                  <div class=\"w-100\">\n                                          <div\n                        class=\"row mb-md-3 mb-xl-0 block--info-block__item__time\"\n                      >\n                        <span class=\"col-xl-5\">\n                          Sal\u0131\n                        <\/span>\n                        <span class=\"col-xl-7\">\n                          19:00 - 20:30\n                        <\/span>\n                      <\/div>\n                                      <\/div>\n                <\/div>\n                <div class=\"col-md-6 col-xl-5 d-flex align-items-baseline\">\n                  <i class=\"icon icon-location me-3\"><\/i>\n                  <span>Belediye binas\u0131<\/span>\n                <\/div>\n              <\/div>\n                              <div class=\"block--info-block__item__buttons mt-4\">\n                                      <a\n            href=\"https:\/\/www.rechtswinkelhouten.nl\/\"\n                aria-label=\"Open in een nieuw tabblad\"\n        tabindex=\"0\"\n            target=\"_blank\"\n        class=\"btn btn wp-block-info-block\"\n            data-no-translation=\"true\"\n          >\n    rechtswinkelhouten.nl\n    \n  <\/a>\n\n                                    <\/div>\n                          <\/div>\n          <\/div>\n              <\/div>\n    <\/div>\n  <\/section>\n\n\n<section class=\"block upcoming-activities block--upcoming-activities block--double-spacing background-black\">\n            <div class=\"container\">\n                <div class=\"d-flex justify-content-between mb-4\">\n                    <h2 class=\"mb-0 h2 d-none d-lg-block\" >Groepstrainingen<\/h2>\n    <h2 class=\"mb-0 h2 d-block d-lg-none\" >Groepstrainingen<\/h2>\n                    <div class=\"align-content-center d-none d-md-block\">\n                        <a\n            href=\"https:\/\/www.sociaalteamhouten.nl\/tr\/activiteiten\/\"\n            tabindex=\"0\"\n        class=\"btn btn wp-block-upcoming-activities\"\n          >\n    Toon alle trainingen\n    \n  <\/a>\n\n                      <\/div>\n                <\/div>\n                <div class=\"row g-3 g-lg-0 block--upcoming-activities__activities\">\n                                            <div class=\"col-md-6 col-lg-12\">\n                            <article class=\"activity-item\">\n    <a href=\"https:\/\/www.sociaalteamhouten.nl\/tr\/activiteiten\/prikkelbende-7-12-jaar\/\" class=\"activity-item--link\" tabindex=\"0\" aria-label=\"\u015euraya gidin: Takvim\">\n        <div class=\"activity-item__content\">\n            <div class=\"activity-item__row\">\n                <div class=\"activity-item__title-col\">\n                    <h3 class=\"h4 activity-item__title\">Prikkelbende (7-12 jaar) (GESTART)<\/h3>\n                <\/div>\n                <div class=\"activity-item__meta-col\">\n                    <div class=\"activity-item__meta\">\n                                                    <span><i class=\"icon icon-calendar\"><\/i>Donderdag 5 maart<\/span>\n                                                                            <span><i class=\"icon icon-repeat\"><\/i>Her hafta<\/span>\n                                                                                                    <span><i class=\"icon icon-location\"><\/i>Cultuurhuis Schoneveld<\/span>\n                                                                            <span><i class=\"icon icon-brain\"><\/i>E\u011fitim<\/span>\n                                            <\/div>\n                <\/div>\n            <\/div>\n            <div class=\"activity-item__button d-lg-none\">\n                <div><i class=\"icon icon-arrow\"><\/i><\/div>\n            <\/div>\n        <\/div>\n        <div class=\"activity-item__button d-none d-lg-flex\">\n            <div><i class=\"icon icon-arrow\"><\/i><\/div>\n        <\/div>\n    <\/a>\n<\/article>\n                        <\/div>\n                                            <div class=\"col-md-6 col-lg-12\">\n                            <article class=\"activity-item\">\n    <a href=\"https:\/\/www.sociaalteamhouten.nl\/tr\/activiteiten\/kies-groep-voor-kinderen-7-12-jaar\/\" class=\"activity-item--link\" tabindex=\"0\" aria-label=\"\u015euraya gidin: Takvim\">\n        <div class=\"activity-item__content\">\n            <div class=\"activity-item__row\">\n                <div class=\"activity-item__title-col\">\n                    <h3 class=\"h4 activity-item__title\">KIES groep voor kinderen (7-12 jaar) (GESTART)<\/h3>\n                <\/div>\n                <div class=\"activity-item__meta-col\">\n                    <div class=\"activity-item__meta\">\n                                                    <span><i class=\"icon icon-calendar\"><\/i>Donderdag 5 maart<\/span>\n                                                                            <span><i class=\"icon icon-repeat\"><\/i>Her hafta<\/span>\n                                                                                                    <span><i class=\"icon icon-location\"><\/i>Cultuurhuis Schoneveld<\/span>\n                                                                            <span><i class=\"icon icon-brain\"><\/i>E\u011fitim<\/span>\n                                            <\/div>\n                <\/div>\n            <\/div>\n            <div class=\"activity-item__button d-lg-none\">\n                <div><i class=\"icon icon-arrow\"><\/i><\/div>\n            <\/div>\n        <\/div>\n        <div class=\"activity-item__button d-none d-lg-flex\">\n            <div><i class=\"icon icon-arrow\"><\/i><\/div>\n        <\/div>\n    <\/a>\n<\/article>\n                        <\/div>\n                                            <div class=\"col-md-6 col-lg-12\">\n                            <article class=\"activity-item\">\n    <a href=\"https:\/\/www.sociaalteamhouten.nl\/tr\/activiteiten\/sterk-ouderschap-bij-pubers\/\" class=\"activity-item--link\" tabindex=\"0\" aria-label=\"\u015euraya gidin: Takvim\">\n        <div class=\"activity-item__content\">\n            <div class=\"activity-item__row\">\n                <div class=\"activity-item__title-col\">\n                    <h3 class=\"h4 activity-item__title\">Sterk ouderschap bij pubers (12+) (GESTART)<\/h3>\n                <\/div>\n                <div class=\"activity-item__meta-col\">\n                    <div class=\"activity-item__meta\">\n                                                    <span><i class=\"icon icon-calendar\"><\/i>Dinsdag 7 april<\/span>\n                                                                            <span><i class=\"icon icon-repeat\"><\/i>Her hafta<\/span>\n                                                                                                    <span><i class=\"icon icon-location\"><\/i>IKOS, Houten<\/span>\n                                                                            <span><i class=\"icon icon-brain\"><\/i>E\u011fitim<\/span>\n                                            <\/div>\n                <\/div>\n            <\/div>\n            <div class=\"activity-item__button d-lg-none\">\n                <div><i class=\"icon icon-arrow\"><\/i><\/div>\n            <\/div>\n        <\/div>\n        <div class=\"activity-item__button d-none d-lg-flex\">\n            <div><i class=\"icon icon-arrow\"><\/i><\/div>\n        <\/div>\n    <\/a>\n<\/article>\n                        <\/div>\n                                            <div class=\"col-md-6 col-lg-12\">\n                            <article class=\"activity-item\">\n    <a href=\"https:\/\/www.sociaalteamhouten.nl\/tr\/activiteiten\/versterk-jezelf-2\/\" class=\"activity-item--link\" tabindex=\"0\" aria-label=\"\u015euraya gidin: Takvim\">\n        <div class=\"activity-item__content\">\n            <div class=\"activity-item__row\">\n                <div class=\"activity-item__title-col\">\n                    <h3 class=\"h4 activity-item__title\">Versterk jezelf (18+)<\/h3>\n                <\/div>\n                <div class=\"activity-item__meta-col\">\n                    <div class=\"activity-item__meta\">\n                                                    <span><i class=\"icon icon-calendar\"><\/i>Maandag 11 mei<\/span>\n                                                                            <span><i class=\"icon icon-repeat\"><\/i>Her hafta<\/span>\n                                                                                                    <span><i class=\"icon icon-location\"><\/i>Cultuurhuis Schoneveld<\/span>\n                                                                            <span><i class=\"icon icon-brain\"><\/i>E\u011fitim<\/span>\n                                            <\/div>\n                <\/div>\n            <\/div>\n            <div class=\"activity-item__button d-lg-none\">\n                <div><i class=\"icon icon-arrow\"><\/i><\/div>\n            <\/div>\n        <\/div>\n        <div class=\"activity-item__button d-none d-lg-flex\">\n            <div><i class=\"icon icon-arrow\"><\/i><\/div>\n        <\/div>\n    <\/a>\n<\/article>\n                        <\/div>\n                                            <div class=\"col-md-6 col-lg-12\">\n                            <article class=\"activity-item\">\n    <a href=\"https:\/\/www.sociaalteamhouten.nl\/tr\/activiteiten\/energiebalans-18\/\" class=\"activity-item--link\" tabindex=\"0\" aria-label=\"\u015euraya gidin: Takvim\">\n        <div class=\"activity-item__content\">\n            <div class=\"activity-item__row\">\n                <div class=\"activity-item__title-col\">\n                    <h3 class=\"h4 activity-item__title\">Energiebalans (18+)<\/h3>\n                <\/div>\n                <div class=\"activity-item__meta-col\">\n                    <div class=\"activity-item__meta\">\n                                                    <span><i class=\"icon icon-calendar\"><\/i>Dinsdag 12 mei<\/span>\n                                                                            <span><i class=\"icon icon-repeat\"><\/i>Her hafta<\/span>\n                                                                                                    <span><i class=\"icon icon-location\"><\/i>Cultuurhuis Schoneveld<\/span>\n                                                                            <span><i class=\"icon icon-brain\"><\/i>E\u011fitim<\/span>\n                                            <\/div>\n                <\/div>\n            <\/div>\n            <div class=\"activity-item__button d-lg-none\">\n                <div><i class=\"icon icon-arrow\"><\/i><\/div>\n            <\/div>\n        <\/div>\n        <div class=\"activity-item__button d-none d-lg-flex\">\n            <div><i class=\"icon icon-arrow\"><\/i><\/div>\n        <\/div>\n    <\/a>\n<\/article>\n                        <\/div>\n                                        <div class=\"align-content-center d-block d-md-none\">\n                        <a\n            href=\"https:\/\/www.sociaalteamhouten.nl\/tr\/activiteiten\/\"\n            tabindex=\"0\"\n        class=\"btn btn wp-block-upcoming-activities\"\n          >\n    Toon alle trainingen\n    \n  <\/a>\n\n                      <\/div>\n                <\/div>\n            <\/div>\n        <\/section>\n    \n\n\n\n<section class=\"block banner block--banner\">\n        <div class=\"container-fluid g-0\">\n            <div class=\"row\">\n                <div class=\"col-lg-5 mt-auto\">\n                    <figure\n        class=\"image block--banner__image\"\n        \n    >\n        <img decoding=\"async\"\n            class=\"image__img image-position--top\"\n            src=\"https:\/\/www.sociaalteamhouten.nl\/wp-content\/uploads\/2025\/07\/251A3923-e1751982140819.webp\"\n            alt=\"\"\n            loading=\"lazy\"\n        \/>\n        \n    <\/figure>\n                <\/div>\n                <svg width=\"0\" height=\"0\" viewbox=\"0 0 596 429\" xmlns=\"http:\/\/www.w3.org\/2000\/svg\" style=\"position: absolute;\">\n                    <clippath id=\"customClip\" clippathunits=\"objectBoundingBox\">\n                        <path d=\"M0.4854 0C0.6873 0 0.8243 0.162 0.9191 0.553L0.9192 0.553C0.9192 0.553 0.9191 0.553 0.9191 0.553V0.553C0.9497 0.6783 0.9796 0.8265 1 1H0V0.811C0.0957 0.232 0.244 0 0.4854 0Z\" \/>\n                    <\/clippath>\n                <\/svg>\n                <div class=\"col-lg-6 g-5 g-lg-0 offset-lg-1 align-content-lg-center order-first order-lg-last\">\n                    <div class=\"py-0 py-lg-10\">\n                        <h2 class=\"block--banner__title h2 d-none d-lg-block\" >Birlikte \u00e7al\u0131\u015fmak istiyorum <br>biriyle sohbet etmek<\/h2>\n    <h2 class=\"block--banner__title h2 d-block d-lg-none\" >Birlikte \u00e7al\u0131\u015fmak istiyorum <br>biriyle sohbet etmek<\/h2>\n                        <h4 class=\"mt-0 mt-lg-4\">Bize ula\u015f\u0131n<\/h4>\n                        <div class=\"block--banner__buttons mt-6 mt-lg-10\">\n                                                            <div>\n                                    <a tabindex=\"0\" class=\"btn\" href=\"tel:0306392250\">\n                                        <i class=\"icon icon-phone me-3\"><\/i>030 639 2250                                    <\/a>\n                                <\/div>\n                                <div>\n                                    <a tabindex=\"0\" class=\"btn\" href=\"mailto:info@sociaalteamhouten.nl\">\n                                        <i class=\"icon icon-email me-3\"><\/i>info@sociaalteamhouten.nl                                    <\/a>\n                                <\/div>\n                                                    <\/div>\n                    <\/div>\n                <\/div>\n            <\/div>\n        <\/div>\n    <\/section>","protected":false},"excerpt":{"rendered":"","protected":false},"author":1,"featured_media":0,"parent":0,"menu_order":7,"comment_status":"closed","ping_status":"closed","template":"","meta":{"_acf_changed":false,"footnotes":""},"class_list":["post-18","page","type-page","status-publish","hentry"],"acf":[],"yoast_head":"<!-- This site is optimized with the Yoast SEO plugin v27.3 - https:\/\/yoast.com\/product\/yoast-seo-wordpress\/ -->\n<title>Agenda - Sociaal Team Houten<\/title>\n<meta name=\"description\" content=\"Bij het Sociaal Team Houten zien we verandering niet als een probleem, maar een uitdaging die we aangaan. Samen kijken we naar wat w\u00e9l kan. - Agenda\" \/>\n<meta name=\"robots\" content=\"index, follow, max-snippet:-1, max-image-preview:large, max-video-preview:-1\" \/>\n<link rel=\"canonical\" href=\"https:\/\/www.sociaalteamhouten.nl\/tr\/agenda\/\" \/>\n<meta property=\"og:locale\" content=\"tr_TR\" \/>\n<meta property=\"og:type\" content=\"article\" \/>\n<meta property=\"og:title\" content=\"Agenda - Sociaal Team Houten\" \/>\n<meta property=\"og:description\" content=\"Bij het Sociaal Team Houten zien we verandering niet als een probleem, maar een uitdaging die we aangaan. Samen kijken we naar wat w\u00e9l kan. - Agenda\" \/>\n<meta property=\"og:url\" content=\"https:\/\/www.sociaalteamhouten.nl\/tr\/agenda\/\" \/>\n<meta property=\"og:site_name\" content=\"Sociaal Team Houten\" \/>\n<meta property=\"article:modified_time\" content=\"2025-10-21T08:45:32+00:00\" \/>\n<meta name=\"twitter:card\" content=\"summary_large_image\" \/>\n<meta name=\"twitter:label1\" content=\"Tahmini okuma s\u00fcresi\" \/>\n\t<meta name=\"twitter:data1\" content=\"1 dakika\" \/>\n<script type=\"application\/ld+json\" class=\"yoast-schema-graph\">{\"@context\":\"https:\\\/\\\/schema.org\",\"@graph\":[{\"@type\":\"WebPage\",\"@id\":\"https:\\\/\\\/www.sociaalteamhouten.nl\\\/agenda\\\/\",\"url\":\"https:\\\/\\\/www.sociaalteamhouten.nl\\\/agenda\\\/\",\"name\":\"Agenda - Sociaal Team Houten\",\"isPartOf\":{\"@id\":\"https:\\\/\\\/www.sociaalteamhouten.nl\\\/#website\"},\"datePublished\":\"2025-04-17T11:18:18+00:00\",\"dateModified\":\"2025-10-21T08:45:32+00:00\",\"description\":\"Bij het Sociaal Team Houten zien we verandering niet als een probleem, maar een uitdaging die we aangaan. Samen kijken we naar wat w\u00e9l kan. - Agenda\",\"breadcrumb\":{\"@id\":\"https:\\\/\\\/www.sociaalteamhouten.nl\\\/agenda\\\/#breadcrumb\"},\"inLanguage\":\"tr\",\"potentialAction\":[{\"@type\":\"ReadAction\",\"target\":[\"https:\\\/\\\/www.sociaalteamhouten.nl\\\/agenda\\\/\"]}]},{\"@type\":\"BreadcrumbList\",\"@id\":\"https:\\\/\\\/www.sociaalteamhouten.nl\\\/agenda\\\/#breadcrumb\",\"itemListElement\":[{\"@type\":\"ListItem\",\"position\":1,\"name\":\"Home\",\"item\":\"https:\\\/\\\/www.sociaalteamhouten.nl\\\/\"},{\"@type\":\"ListItem\",\"position\":2,\"name\":\"Agenda\"}]},{\"@type\":\"WebSite\",\"@id\":\"https:\\\/\\\/www.sociaalteamhouten.nl\\\/#website\",\"url\":\"https:\\\/\\\/www.sociaalteamhouten.nl\\\/\",\"name\":\"Sociaal Team Houten\",\"description\":\"Samen verder\",\"publisher\":{\"@id\":\"https:\\\/\\\/www.sociaalteamhouten.nl\\\/#organization\"},\"potentialAction\":[{\"@type\":\"SearchAction\",\"target\":{\"@type\":\"EntryPoint\",\"urlTemplate\":\"https:\\\/\\\/www.sociaalteamhouten.nl\\\/?s={search_term_string}\"},\"query-input\":{\"@type\":\"PropertyValueSpecification\",\"valueRequired\":true,\"valueName\":\"search_term_string\"}}],\"inLanguage\":\"tr\"},{\"@type\":\"Organization\",\"@id\":\"https:\\\/\\\/www.sociaalteamhouten.nl\\\/#organization\",\"name\":\"Sociaal Team Houten\",\"url\":\"https:\\\/\\\/www.sociaalteamhouten.nl\\\/\",\"logo\":{\"@type\":\"ImageObject\",\"inLanguage\":\"tr\",\"@id\":\"https:\\\/\\\/www.sociaalteamhouten.nl\\\/#\\\/schema\\\/logo\\\/image\\\/\",\"url\":\"https:\\\/\\\/www.sociaalteamhouten.nl\\\/wp-content\\\/uploads\\\/2025\\\/04\\\/logo.svg\",\"contentUrl\":\"https:\\\/\\\/www.sociaalteamhouten.nl\\\/wp-content\\\/uploads\\\/2025\\\/04\\\/logo.svg\",\"caption\":\"Sociaal Team Houten\"},\"image\":{\"@id\":\"https:\\\/\\\/www.sociaalteamhouten.nl\\\/#\\\/schema\\\/logo\\\/image\\\/\"}}]}<\/script>\n<!-- \/ Yoast SEO plugin. -->","yoast_head_json":{"title":"G\u00fcndem - Houten Sosyal Ekibi","description":"Sociaal Team Houten'de de\u011fi\u015fimi bir sorun olarak de\u011fil, \u00fcstesinden gelmemiz gereken bir meydan okuma olarak g\u00f6r\u00fcyoruz. Birlikte neler yap\u0131labilece\u011fine bak\u0131yoruz. - G\u00fcndem","robots":{"index":"index","follow":"follow","max-snippet":"max-snippet:-1","max-image-preview":"max-image-preview:large","max-video-preview":"max-video-preview:-1"},"canonical":"https:\/\/www.sociaalteamhouten.nl\/tr\/agenda\/","og_locale":"tr_TR","og_type":"article","og_title":"Agenda - Sociaal Team Houten","og_description":"Bij het Sociaal Team Houten zien we verandering niet als een probleem, maar een uitdaging die we aangaan. Samen kijken we naar wat w\u00e9l kan. - Agenda","og_url":"https:\/\/www.sociaalteamhouten.nl\/tr\/agenda\/","og_site_name":"Sociaal Team Houten","article_modified_time":"2025-10-21T08:45:32+00:00","twitter_card":"summary_large_image","twitter_misc":{"Tahmini okuma s\u00fcresi":"1 dakika"},"schema":{"@context":"https:\/\/schema.org","@graph":[{"@type":"WebPage","@id":"https:\/\/www.sociaalteamhouten.nl\/agenda\/","url":"https:\/\/www.sociaalteamhouten.nl\/agenda\/","name":"G\u00fcndem - Houten Sosyal Ekibi","isPartOf":{"@id":"https:\/\/www.sociaalteamhouten.nl\/#website"},"datePublished":"2025-04-17T11:18:18+00:00","dateModified":"2025-10-21T08:45:32+00:00","description":"Sociaal Team Houten'de de\u011fi\u015fimi bir sorun olarak de\u011fil, \u00fcstesinden gelmemiz gereken bir meydan okuma olarak g\u00f6r\u00fcyoruz. Birlikte neler yap\u0131labilece\u011fine bak\u0131yoruz. - G\u00fcndem","breadcrumb":{"@id":"https:\/\/www.sociaalteamhouten.nl\/agenda\/#breadcrumb"},"inLanguage":"tr","potentialAction":[{"@type":"ReadAction","target":["https:\/\/www.sociaalteamhouten.nl\/agenda\/"]}]},{"@type":"BreadcrumbList","@id":"https:\/\/www.sociaalteamhouten.nl\/agenda\/#breadcrumb","itemListElement":[{"@type":"ListItem","position":1,"name":"Home","item":"https:\/\/www.sociaalteamhouten.nl\/"},{"@type":"ListItem","position":2,"name":"Agenda"}]},{"@type":"WebSite","@id":"https:\/\/www.sociaalteamhouten.nl\/#website","url":"https:\/\/www.sociaalteamhouten.nl\/","name":"Sosyal Ekip Houten","description":"Daha fazla birlikte","publisher":{"@id":"https:\/\/www.sociaalteamhouten.nl\/#organization"},"potentialAction":[{"@type":"SearchAction","target":{"@type":"EntryPoint","urlTemplate":"https:\/\/www.sociaalteamhouten.nl\/?s={search_term_string}"},"query-input":{"@type":"PropertyValueSpecification","valueRequired":true,"valueName":"search_term_string"}}],"inLanguage":"tr"},{"@type":"Organization","@id":"https:\/\/www.sociaalteamhouten.nl\/#organization","name":"Sosyal Ekip Houten","url":"https:\/\/www.sociaalteamhouten.nl\/","logo":{"@type":"ImageObject","inLanguage":"tr","@id":"https:\/\/www.sociaalteamhouten.nl\/#\/schema\/logo\/image\/","url":"https:\/\/www.sociaalteamhouten.nl\/wp-content\/uploads\/2025\/04\/logo.svg","contentUrl":"https:\/\/www.sociaalteamhouten.nl\/wp-content\/uploads\/2025\/04\/logo.svg","caption":"Sociaal Team Houten"},"image":{"@id":"https:\/\/www.sociaalteamhouten.nl\/#\/schema\/logo\/image\/"}}]}},"_links":{"self":[{"href":"https:\/\/www.sociaalteamhouten.nl\/tr\/wp-json\/wp\/v2\/pages\/18","targetHints":{"allow":["GET"]}}],"collection":[{"href":"https:\/\/www.sociaalteamhouten.nl\/tr\/wp-json\/wp\/v2\/pages"}],"about":[{"href":"https:\/\/www.sociaalteamhouten.nl\/tr\/wp-json\/wp\/v2\/types\/page"}],"author":[{"embeddable":true,"href":"https:\/\/www.sociaalteamhouten.nl\/tr\/wp-json\/wp\/v2\/users\/1"}],"replies":[{"embeddable":true,"href":"https:\/\/www.sociaalteamhouten.nl\/tr\/wp-json\/wp\/v2\/comments?post=18"}],"version-history":[{"count":50,"href":"https:\/\/www.sociaalteamhouten.nl\/tr\/wp-json\/wp\/v2\/pages\/18\/revisions"}],"predecessor-version":[{"id":1335,"href":"https:\/\/www.sociaalteamhouten.nl\/tr\/wp-json\/wp\/v2\/pages\/18\/revisions\/1335"}],"wp:attachment":[{"href":"https:\/\/www.sociaalteamhouten.nl\/tr\/wp-json\/wp\/v2\/media?parent=18"}],"curies":[{"name":"wp","href":"https:\/\/api.w.org\/{rel}","templated":true}]}}