{"id":23,"date":"2025-04-17T12:20:09","date_gmt":"2025-04-17T11:20:09","guid":{"rendered":"https:\/\/www.sociaalteamhouten.nl\/?page_id=23"},"modified":"2026-01-28T11:20:48","modified_gmt":"2026-01-28T10:20:48","slug":"werken-bij","status":"publish","type":"page","link":"https:\/\/www.sociaalteamhouten.nl\/tr\/werken-bij\/","title":{"rendered":"\u00c7al\u0131\u015fmak"},"content":{"rendered":"<section class=\"block page-header block--page-header block--no-spacing-bottom\" data-strip-color=\"secondary-light\">\n    <canvas id=\"headerCanvas\"><\/canvas>\n    <div class=\"block--page-header__content\">\n      <div class=\"container\">\n                <div class=\"row\">\n                      <div class=\"col-lg-3 d-flex justify-content-lg-end flex-column\">\n              <figure\n        class=\"image block--page-header__image-left d-none d-lg-block\"\n        \n    >\n        <img decoding=\"async\"\n            class=\"image__img image-position--center\"\n            src=\"https:\/\/www.sociaalteamhouten.nl\/wp-content\/uploads\/2025\/07\/251A4536.webp\"\n            alt=\"\"\n            loading=\"lazy\"\n        \/>\n        \n    <\/figure>\n            <\/div>\n          \n          <div\n            class=\"col-lg-6 my-auto\"\n          >\n            <h1 class=\"block--page-header__title mb-0 h1 d-none d-lg-block\" >Social Team Houten'de \u00c7al\u0131\u015fmak<\/h1>\n    <h1 class=\"block--page-header__title mb-0 h1 d-block d-lg-none\" >Social Team Houten'de \u00c7al\u0131\u015fmak<\/h1>\n                          <h2 class=\"h4 block--page-header__subtitle mt-6\">\n                Biz insanlar\u0131n g\u00fcc\u00fcne inan\u0131yoruz. <br>Seninkinde de var.\n              <\/h2>\n            \n            \n            <div class=\"text-wrapper block--page-header__text mt-8\">\n              <p>Burada ger\u00e7ekten \u00f6nemli olan konularda kendi g\u00fc\u00e7l\u00fc y\u00f6nlerinizle \u00e7al\u0131\u015fma \u00f6zg\u00fcrl\u00fc\u011f\u00fcn\u00fc hissedersiniz<strong>:<\/strong> Herkesin m\u00fcmk\u00fcn oldu\u011funca ba\u011f\u0131ms\u0131z bir \u015fekilde s\u0131radan hayatlar ya\u015famay\u0131 hak etti\u011fine inan\u0131yoruz. Bu bazen bir g\u00fcvenlik a\u011f\u0131, bazen de ilerlemek i\u00e7in sadece bir basamak gerektirir. \u0130\u015fte bu noktada siz vars\u0131n\u0131z. Ara\u015ft\u0131rmac\u0131, destekleyici ya da dan\u0131\u015fman rol\u00fcyle tutkuyla \u00e7al\u0131\u015fan g\u00fcc\u00fcm\u00fcz. Zaten var olan\u0131 g\u00fc\u00e7lendirir, gerekti\u011finde tamamlar ve m\u00fcmk\u00fcn olan en k\u0131sa s\u00fcrede geri ad\u0131m atars\u0131n\u0131z. Kendi g\u00fc\u00e7lerini (yeniden) ke\u015ffetmeleri ve kendi cevaplar\u0131n\u0131 bulmalar\u0131 i\u00e7in insanlara kar\u015f\u0131 sorumluluk hissedersiniz. Nas\u0131l m\u0131? Do\u011fru sorular\u0131 sorarak. \u00c7\u00fcnk\u00fc ger\u00e7ek de\u011fi\u015fim insanlar kontrol\u00fc ele ald\u0131\u011f\u0131nda ger\u00e7ekle\u015fir. Ve onlar b\u00fcy\u00fcrken, siz de s\u0131k\u0131 s\u0131k\u0131ya ba\u011fl\u0131 bir ekip i\u00e7inde kendinizi ayn\u0131 h\u0131zla geli\u015ftirirsiniz. Burada, herkesin kendi yolunda y\u00fcr\u00fcd\u00fc\u011f\u00fc bir ya\u015fam ortam\u0131na katk\u0131da bulunursunuz.<\/p>\n            <\/div>\n                                          <div class=\"row g-2 justify-content-center mt-4\">\n                                      <div class=\"col-auto\">\n                      <a\n            href=\"https:\/\/www.sociaalteamhouten.nl\/tr\/werken-bij\/vacatures\/\"\n            tabindex=\"0\"\n        class=\"btn btn--primary wp-block-page-header\"\n          >\n    Bo\u015f \u0130\u015fler\n    \n  <\/a>\n\n                      <\/div>\n                                  <\/div>\n                          \n            \n            \n            \n                      <\/div>\n                      <div class=\"col-xl-2 offset-xl-1 col-lg-3\">\n              <figure\n        class=\"image block--page-header__image-right mt-10 mt-lg-0 mx-auto\"\n        \n    >\n        <img decoding=\"async\"\n            class=\"image__img image-position--center\"\n            src=\"https:\/\/www.sociaalteamhouten.nl\/wp-content\/uploads\/2025\/07\/251A4085.webp\"\n            alt=\"\"\n            loading=\"lazy\"\n        \/>\n        \n    <\/figure>\n            <\/div>\n                  <\/div>\n      <\/div>\n    <\/div>\n  <\/section>\n\n\n<section class=\"block text block--text block--no-spacing-top block--double-spacing background-secondary-light\">\n    <div class=\"container\">\n      <div class=\"row\">\n        <div class=\"col-lg-4 offset-lg-1\">\n          <h2 class=\"wp-block-text h2 d-none d-lg-block\" >Evinizdeymi\u015f gibi hissettiren bir ekipte, etki yaratarak \u00e7al\u0131\u015fmak<\/h2>\n    <h2 class=\"wp-block-text h2 d-block d-lg-none\" >Evinizdeymi\u015f gibi hissettiren bir ekipte, etki yaratarak \u00e7al\u0131\u015fmak<\/h2>\n        <\/div>\n        <div class=\"col-lg-5 offset-lg-1 mt-lg-4\">\n          <div class=\"text-wrapper\"><p>Kendinizi rahat hissetti\u011finizde en iyi i\u015fi \u00e7\u0131kar\u0131rs\u0131n\u0131z. Biz birlikte \u00e7al\u0131\u015fan, birbirine ilham veren ve birbirinin yan\u0131nda olan bir ekibiz. Burada kendiniz olabilir, rol\u00fcn\u00fczde b\u00fcy\u00fcyebilir ve her g\u00fcn Houten halk\u0131 i\u00e7in bir fark yaratabilirsiniz.<\/p>\n<h5>Profesyonel standartlara sahip gayri resmi atmosfer<\/h5>\n<p>K\u0131sa ileti\u015fim hatlar\u0131n\u0131, a\u00e7\u0131k konu\u015fmalar\u0131 ve i\u015f arkada\u015flar\u0131m\u0131zla tart\u0131\u015fmay\u0131 severiz. \u0130yi bir fikir ve giri\u015fim? Memnuniyetle! Bizim i\u00e7in \u00e7al\u0131\u015fmak esneklik, sorumluluk almak ve almak, kendine g\u00fcvenmek ve harika bir i\u015f-ya\u015fam dengesi ya\u015famak demektir.<\/p>\n<h5>\u0130\u015ften daha fazlas\u0131<\/h5>\n<p>Elbette bu bir etki yaratmakla ilgili ama ayn\u0131 zamanda e\u011flenmekle de ilgili. Ciddi konu\u015fmalar aras\u0131nda \u015fakalara, kahve i\u00e7meye ve olumlu geli\u015fmeleri kutlamaya her zaman yer vard\u0131r. \u00c7\u00fcnk\u00fc birbirimize iyi bakarsak, ba\u015fkalar\u0131 i\u00e7in daha da iyisini yapabiliriz.<\/p>\n<\/div>\n          <div class=\"block--text__buttons\">\n                                  <\/div>\n\n                  <\/div>\n      <\/div>\n    <\/div>\n  <\/section>\n\n\n<section class=\"block quotes block--quotes block--double-spacing background-black\">\n        <div class=\"container\">\n            <h2 class=\"wp-block-quotes h2 d-none d-lg-block\" >Ekibimiz fark yarat\u0131yor<\/h2>\n    <h2 class=\"wp-block-quotes h2 d-block d-lg-none\" >Ekibimiz fark yarat\u0131yor<\/h2>\n            <div class=\"row mt-9\">\n                                    <div class=\"col-xl-6 mb-xl-0 mb-5\">\n                        <div class=\"block--quotes__quote__wrapper\">\n                            <div class=\"block--quotes__quote\">\n                                <div class=\"block--quotes__quote__icon\">\n                                    <span class=\"\">&#8220;<\/i>\n                                <\/div>\n                                <div class=\"block--quotes__quote__text h5\">\n                                    <div class=\"text-wrapper\"><p>\"\u0130nsanlar i\u00e7in ger\u00e7ekten bir \u015feyler ifade etme \u015fans\u0131 buluyorum. Bu da i\u015fimi sadece de\u011ferli de\u011fil, ayn\u0131 zamanda son derece \u00f6d\u00fcllendirici k\u0131l\u0131yor.\"<\/p>\n<\/div>\n                                <\/div>\n                                <div class=\"mt-auto\">\n                                    <div class=\"block--quotes__quote__author\">\n                                        Leonie\n                                    <\/div>\n                                    <div class=\"block--quotes__quote__function\">\n                                        Davran\u0131\u015f bilimci\n                                    <\/div>\n                                                                    <\/div>\n                            <\/div>\n                            <div class=\"block--quotes__quote__image\">\n                                                                    <div class=\"clip-wrapper\">\n                                        <figure\n        class=\"image wp-block-quotes\"\n        \n    >\n        <img decoding=\"async\"\n            class=\"image__img image-position--center\"\n            src=\"https:\/\/www.sociaalteamhouten.nl\/wp-content\/uploads\/2025\/05\/97255_an_ultra-photorealistic_close-up_shot_captured_w_c0847a26-19eb-4635-b6b9-c765a03a7018.webp\"\n            alt=\"\"\n            loading=\"lazy\"\n        \/>\n        \n    <\/figure>\n                                    <\/div>\n                                                            <\/div>\n                        <\/div>\n                    <\/div>\n                                    <div class=\"col-xl-6 mb-xl-0 mb-5\">\n                        <div class=\"block--quotes__quote__wrapper\">\n                            <div class=\"block--quotes__quote\">\n                                <div class=\"block--quotes__quote__icon\">\n                                    <span class=\"\">&#8220;<\/i>\n                                <\/div>\n                                <div class=\"block--quotes__quote__text h5\">\n                                    <div class=\"text-wrapper\"><p>\"Her g\u00fcn farkl\u0131, yard\u0131m taleplerinde \u00e7ok fazla \u00e7e\u015fitlilik var. S\u0131radan ya\u015famlar\u0131 g\u00fc\u00e7lendirmek gibi bir \u015feyler katabildi\u011fimiz yerler, i\u015fi ilgin\u00e7 ve zorlu k\u0131l\u0131yor!\"<\/p>\n<\/div>\n                                <\/div>\n                                <div class=\"mt-auto\">\n                                    <div class=\"block--quotes__quote__author\">\n                                        Femke\n                                    <\/div>\n                                    <div class=\"block--quotes__quote__function\">\n                                        WMO profesyonel\n                                    <\/div>\n                                                                    <\/div>\n                            <\/div>\n                            <div class=\"block--quotes__quote__image\">\n                                                                    <div class=\"clip-wrapper\">\n                                        <figure\n        class=\"image wp-block-quotes\"\n        \n    >\n        <img decoding=\"async\"\n            class=\"image__img image-position--center\"\n            src=\"https:\/\/www.sociaalteamhouten.nl\/wp-content\/uploads\/2025\/07\/251A4085.webp\"\n            alt=\"\"\n            loading=\"lazy\"\n        \/>\n        \n    <\/figure>\n                                    <\/div>\n                                                            <\/div>\n                        <\/div>\n                    <\/div>\n                            <\/div>\n        <\/div>\n        <svg width=\"0\" height=\"0\" style=\"position:absolute\">\n            <defs>\n                <clippath id=\"clip-desktop\" clippathunits=\"objectBoundingBox\">\n                    <path d=\"M1,1H0C0.167,0.442,0.411,0.13,0.78,0H1V1Z\"\/>\n                  <\/clippath>\n                  <clippath id=\"clip-mobile\" clippathunits=\"objectBoundingBox\">\n                    <path d=\"M0.74,0c0.094,0,0.18,0.015,0.26,0.046v0.954H0v-0.383C0.173,0.183,0.41,0,0.74,0Z\"\/>\n                  <\/clippath>\n            <\/defs>\n          <\/svg>\n    <\/section>\n\n\n<section class=\"block text block--text block--no-spacing-top block--double-spacing background-black\">\n    <div class=\"container\">\n      <div class=\"row\">\n        <div class=\"col-lg-4 offset-lg-1\">\n          <h2 class=\"wp-block-text h2 d-none d-lg-block\" >Birlikte b\u00fcy\u00fcmek, birlikte etki yaratmak<\/h2>\n    <h2 class=\"wp-block-text h2 d-block d-lg-none\" >Birlikte b\u00fcy\u00fcmek, birlikte etki yaratmak<\/h2>\n        <\/div>\n        <div class=\"col-lg-5 offset-lg-1 mt-lg-4\">\n          <div class=\"text-wrapper\"><p>Herkesin kendi yolu vard\u0131r ve herkes bu yolu farkl\u0131 bir \u015fekilde doldurur. Ayn\u0131 \u015fey sizin geli\u015fiminiz i\u00e7in de ge\u00e7erlidir. Bizimle \u00e7al\u0131\u015fmak sadece toplum \u00fczerinde de\u011fil, ayn\u0131 zamanda kendi kariyeriniz \u00fczerinde de bir etki yaratmak anlam\u0131na gelir. E\u011fitim, periyodik g\u00f6r\u00fc\u015fme ve vaka konferanslar\u0131 i\u00e7in bireysel bir se\u00e7im b\u00fct\u00e7esi ile her zaman g\u00fcncel kal\u0131rs\u0131n\u0131z. Buna ek olarak, \u00e7e\u015fitli uzmanl\u0131k alanlar\u0131ndan meslekta\u015flar\u0131n\u0131zdan ve onlarla birlikte her g\u00fcn bir \u015feyler \u00f6\u011freneceksiniz. Bu \u015fekilde, sadece bir profesyonel olarak de\u011fil, ayn\u0131 zamanda geli\u015fiminizi kendinizinki kadar \u00f6nemli g\u00f6ren bir ekipte bir insan olarak da b\u00fcy\u00fcrs\u00fcn\u00fcz.<\/p>\n<h5>Yenilik\u00e7ilik bizim standard\u0131m\u0131zd\u0131r ve siz de bunun bir par\u00e7as\u0131s\u0131n\u0131z.<\/h5>\n<p>Social Team Houten'de sadece i\u015flerin nas\u0131l gitti\u011fine de\u011fil, daha da \u00f6nemlisi nas\u0131l iyile\u015ftirilebilece\u011fine bak\u0131yoruz. Sakinlerin ihtiya\u00e7lar\u0131na g\u00f6re hareket etmeyi ve yeni bak\u0131\u015f a\u00e7\u0131lar\u0131n\u0131 te\u015fvik etmeyi seviyoruz. Sosyal alan\u0131 g\u00fc\u00e7lendirmek i\u00e7in f\u0131rsatlar g\u00f6r\u00fcyor musunuz? G\u00fczel. Ger\u00e7ekten fark yaratacak fikirleriniz var m\u0131? Daha da g\u00fczel. \u0130ster ak\u0131ll\u0131 \u00e7al\u0131\u015fma y\u00f6ntemleri, ister yeni i\u015fbirlikleri veya iyile\u015ftirilmi\u015f s\u00fcre\u00e7ler olsun, girdileriniz \u00f6nemlidir.<\/p>\n<\/div>\n          <div class=\"block--text__buttons\">\n                                  <\/div>\n\n                  <\/div>\n      <\/div>\n    <\/div>\n  <\/section>\n\n\n<section class=\"block image-text block--image-text block--double-spacing background-secondary-light\">\n      <div class=\"container\">\n        <div class=\"row\">\n          <div class=\"col-lg-7 mb-4 mb-lg-0\">\n            <div class=\"block--image-text__content\">\n              <h2 class=\"block--image-text__title\">S\u0131radan bir hayat\u0131 daha g\u00fc\u00e7l\u00fc k\u0131lacak g\u00fcce sahip misiniz?<\/h2>\n              <div class=\"block--image-text__text text-wrapper\">\n                <p>Zorluklar\u0131 ne olursa olsun, her sakin kendi hayat\u0131n\u0131n kontrol\u00fcn\u00fc elinde tutmay\u0131 hak eder. Houten sakinlerinin g\u00fc\u00e7lenmesine, onlarla birlikte ya\u015fam ortamlar\u0131ndaki olanaklara bakarak ve k\u00fc\u00e7\u00fck veya b\u00fcy\u00fck de\u011fi\u015fiklikler yapmalar\u0131na yard\u0131mc\u0131 olarak katk\u0131da bulunabilirsiniz. Onlarla birlikte d\u00fc\u015f\u00fcn\u00fcrs\u00fcn\u00fcz ama ayn\u0131 zamanda kendi y\u00f6nlerini bulmalar\u0131na da olanak tan\u0131rs\u0131n\u0131z. Fark yaratmaya ve herkesin g\u00fc\u00e7lendi\u011fi bir ya\u015fam ortam\u0131na katk\u0131da bulunmaya var m\u0131s\u0131n\u0131z?<\/p>\n\n              <\/div>\n                              <div class=\"mt-7 mt-lg-7\">\n                  <a\n            href=\"https:\/\/www.sociaalteamhouten.nl\/tr\/werken-bij\/vacatures\/\"\n            tabindex=\"0\"\n        class=\"btn btn wp-block-image-text\"\n          >\n    A\u00e7\u0131k pozisyonlar\u0131m\u0131z\u0131 g\u00f6r\u00fcn\n    \n  <\/a>\n\n                  <\/div>\n                          <\/div>\n          <\/div>\n        <\/div>\n      <\/div>\n\n      \n      <div class=\"block--image-text__image\">\n        <div class=\"clip-wrapper\">\n          <figure\n        class=\"image wp-block-image-text\"\n        \n    >\n        <img decoding=\"async\"\n            class=\"image__img image-position--top\"\n            src=\"https:\/\/www.sociaalteamhouten.nl\/wp-content\/uploads\/2025\/07\/251A4514.webp\"\n            alt=\"\"\n            loading=\"lazy\"\n        \/>\n        \n    <\/figure>\n        <\/div>\n      <\/div>\n\n      <svg width=\"0\" height=\"0\" style=\"position:absolute\">\n        <defs>\n          <clippath id=\"clip-image-text\" clippathunits=\"objectBoundingBox\">\n            <path d=\"M0.764,0c0.087,0,0.165,0.011,0.235,0.036v0.964H0C0.122,0.274,0.337,0,0.764,0Z\"\/>\n          <\/clippath>\n          <clippath id=\"clip-mobile\" clippathunits=\"objectBoundingBox\">\n            <path d=\"M0.74,0c0.094,0,0.18,0.015,0.26,0.046v0.954H0v-0.383C0.173,0.183,0.41,0,0.74,0Z\"\/>\n          <\/clippath>\n        <\/defs>\n      <\/svg>\n    <\/section>\n\n\n<section class=\"block banner block--banner\">\n        <div class=\"container-fluid g-0\">\n            <div class=\"row\">\n                <div class=\"col-lg-5 mt-auto\">\n                    <figure\n        class=\"image block--banner__image\"\n        \n    >\n        <img decoding=\"async\"\n            class=\"image__img image-position--top\"\n            src=\"https:\/\/www.sociaalteamhouten.nl\/wp-content\/uploads\/2025\/07\/251A3923-e1751982140819.webp\"\n            alt=\"\"\n            loading=\"lazy\"\n        \/>\n        \n    <\/figure>\n                <\/div>\n                <svg width=\"0\" height=\"0\" viewbox=\"0 0 596 429\" xmlns=\"http:\/\/www.w3.org\/2000\/svg\" style=\"position: absolute;\">\n                    <clippath id=\"customClip\" clippathunits=\"objectBoundingBox\">\n                        <path d=\"M0.4854 0C0.6873 0 0.8243 0.162 0.9191 0.553L0.9192 0.553C0.9192 0.553 0.9191 0.553 0.9191 0.553V0.553C0.9497 0.6783 0.9796 0.8265 1 1H0V0.811C0.0957 0.232 0.244 0 0.4854 0Z\" \/>\n                    <\/clippath>\n                <\/svg>\n                <div class=\"col-lg-6 g-5 g-lg-0 offset-lg-1 align-content-lg-center order-first order-lg-last\">\n                    <div class=\"py-0 py-lg-10\">\n                        <h2 class=\"block--banner__title h2 d-none d-lg-block\" >Birlikte \u00e7al\u0131\u015fmak istiyorum <br>biriyle sohbet etmek<\/h2>\n    <h2 class=\"block--banner__title h2 d-block d-lg-none\" >Birlikte \u00e7al\u0131\u015fmak istiyorum <br>biriyle sohbet etmek<\/h2>\n                        <h4 class=\"mt-0 mt-lg-4\">Bize ula\u015f\u0131n<\/h4>\n                        <div class=\"block--banner__buttons mt-6 mt-lg-10\">\n                                                            <div>\n                                    <a tabindex=\"0\" class=\"btn\" href=\"tel:0306392250\">\n                                        <i class=\"icon icon-phone me-3\"><\/i>030 639 2250                                    <\/a>\n                                <\/div>\n                                <div>\n                                    <a tabindex=\"0\" class=\"btn\" href=\"mailto:info@sociaalteamhouten.nl\">\n                                        <i class=\"icon icon-email me-3\"><\/i>info@sociaalteamhouten.nl                                    <\/a>\n                                <\/div>\n                                                    <\/div>\n                    <\/div>\n                <\/div>\n            <\/div>\n        <\/div>\n    <\/section>","protected":false},"excerpt":{"rendered":"","protected":false},"author":1,"featured_media":0,"parent":0,"menu_order":18,"comment_status":"closed","ping_status":"closed","template":"","meta":{"_acf_changed":false,"footnotes":""},"class_list":["post-23","page","type-page","status-publish","hentry"],"acf":[],"yoast_head":"<!-- This site is optimized with the Yoast SEO plugin v27.3 - https:\/\/yoast.com\/product\/yoast-seo-wordpress\/ -->\n<title>Werken bij - Sociaal Team Houten<\/title>\n<meta name=\"description\" content=\"Bij het Sociaal Team Houten zien we verandering niet als een probleem, maar een uitdaging die we aangaan. Samen kijken we naar wat w\u00e9l kan. - Werken bij\" \/>\n<meta name=\"robots\" content=\"index, follow, max-snippet:-1, max-image-preview:large, max-video-preview:-1\" \/>\n<link rel=\"canonical\" href=\"https:\/\/www.sociaalteamhouten.nl\/tr\/werken-bij\/\" \/>\n<meta property=\"og:locale\" content=\"tr_TR\" \/>\n<meta property=\"og:type\" content=\"article\" \/>\n<meta property=\"og:title\" content=\"Werken bij - Sociaal Team Houten\" \/>\n<meta property=\"og:description\" content=\"Bij het Sociaal Team Houten zien we verandering niet als een probleem, maar een uitdaging die we aangaan. Samen kijken we naar wat w\u00e9l kan. - Werken bij\" \/>\n<meta property=\"og:url\" content=\"https:\/\/www.sociaalteamhouten.nl\/tr\/werken-bij\/\" \/>\n<meta property=\"og:site_name\" content=\"Sociaal Team Houten\" \/>\n<meta property=\"article:modified_time\" content=\"2026-01-28T10:20:48+00:00\" \/>\n<meta name=\"twitter:card\" content=\"summary_large_image\" \/>\n<meta name=\"twitter:label1\" content=\"Tahmini okuma s\u00fcresi\" \/>\n\t<meta name=\"twitter:data1\" content=\"5 dakika\" \/>\n<script type=\"application\/ld+json\" class=\"yoast-schema-graph\">{\"@context\":\"https:\\\/\\\/schema.org\",\"@graph\":[{\"@type\":\"WebPage\",\"@id\":\"https:\\\/\\\/www.sociaalteamhouten.nl\\\/werken-bij\\\/\",\"url\":\"https:\\\/\\\/www.sociaalteamhouten.nl\\\/werken-bij\\\/\",\"name\":\"Werken bij - Sociaal Team Houten\",\"isPartOf\":{\"@id\":\"https:\\\/\\\/www.sociaalteamhouten.nl\\\/#website\"},\"datePublished\":\"2025-04-17T11:20:09+00:00\",\"dateModified\":\"2026-01-28T10:20:48+00:00\",\"description\":\"Bij het Sociaal Team Houten zien we verandering niet als een probleem, maar een uitdaging die we aangaan. Samen kijken we naar wat w\u00e9l kan. - Werken bij\",\"breadcrumb\":{\"@id\":\"https:\\\/\\\/www.sociaalteamhouten.nl\\\/werken-bij\\\/#breadcrumb\"},\"inLanguage\":\"tr\",\"potentialAction\":[{\"@type\":\"ReadAction\",\"target\":[\"https:\\\/\\\/www.sociaalteamhouten.nl\\\/werken-bij\\\/\"]}]},{\"@type\":\"BreadcrumbList\",\"@id\":\"https:\\\/\\\/www.sociaalteamhouten.nl\\\/werken-bij\\\/#breadcrumb\",\"itemListElement\":[{\"@type\":\"ListItem\",\"position\":1,\"name\":\"Home\",\"item\":\"https:\\\/\\\/www.sociaalteamhouten.nl\\\/\"},{\"@type\":\"ListItem\",\"position\":2,\"name\":\"Werken bij\"}]},{\"@type\":\"WebSite\",\"@id\":\"https:\\\/\\\/www.sociaalteamhouten.nl\\\/#website\",\"url\":\"https:\\\/\\\/www.sociaalteamhouten.nl\\\/\",\"name\":\"Sociaal Team Houten\",\"description\":\"Samen verder\",\"publisher\":{\"@id\":\"https:\\\/\\\/www.sociaalteamhouten.nl\\\/#organization\"},\"potentialAction\":[{\"@type\":\"SearchAction\",\"target\":{\"@type\":\"EntryPoint\",\"urlTemplate\":\"https:\\\/\\\/www.sociaalteamhouten.nl\\\/?s={search_term_string}\"},\"query-input\":{\"@type\":\"PropertyValueSpecification\",\"valueRequired\":true,\"valueName\":\"search_term_string\"}}],\"inLanguage\":\"tr\"},{\"@type\":\"Organization\",\"@id\":\"https:\\\/\\\/www.sociaalteamhouten.nl\\\/#organization\",\"name\":\"Sociaal Team Houten\",\"url\":\"https:\\\/\\\/www.sociaalteamhouten.nl\\\/\",\"logo\":{\"@type\":\"ImageObject\",\"inLanguage\":\"tr\",\"@id\":\"https:\\\/\\\/www.sociaalteamhouten.nl\\\/#\\\/schema\\\/logo\\\/image\\\/\",\"url\":\"https:\\\/\\\/www.sociaalteamhouten.nl\\\/wp-content\\\/uploads\\\/2025\\\/04\\\/logo.svg\",\"contentUrl\":\"https:\\\/\\\/www.sociaalteamhouten.nl\\\/wp-content\\\/uploads\\\/2025\\\/04\\\/logo.svg\",\"caption\":\"Sociaal Team Houten\"},\"image\":{\"@id\":\"https:\\\/\\\/www.sociaalteamhouten.nl\\\/#\\\/schema\\\/logo\\\/image\\\/\"}}]}<\/script>\n<!-- \/ Yoast SEO plugin. -->","yoast_head_json":{"title":"\u00c7al\u0131\u015fmak - Social Team Houten","description":"Sociaal Team Houten'de de\u011fi\u015fimi bir sorun olarak de\u011fil, \u00fcstesinden gelmemiz gereken bir meydan okuma olarak g\u00f6r\u00fcyoruz. Birlikte neler yap\u0131labilece\u011fine bak\u0131yoruz. - \u00c7al\u0131\u015fmak","robots":{"index":"index","follow":"follow","max-snippet":"max-snippet:-1","max-image-preview":"max-image-preview:large","max-video-preview":"max-video-preview:-1"},"canonical":"https:\/\/www.sociaalteamhouten.nl\/tr\/werken-bij\/","og_locale":"tr_TR","og_type":"article","og_title":"Werken bij - Sociaal Team Houten","og_description":"Bij het Sociaal Team Houten zien we verandering niet als een probleem, maar een uitdaging die we aangaan. Samen kijken we naar wat w\u00e9l kan. - Werken bij","og_url":"https:\/\/www.sociaalteamhouten.nl\/tr\/werken-bij\/","og_site_name":"Sociaal Team Houten","article_modified_time":"2026-01-28T10:20:48+00:00","twitter_card":"summary_large_image","twitter_misc":{"Tahmini okuma s\u00fcresi":"5 dakika"},"schema":{"@context":"https:\/\/schema.org","@graph":[{"@type":"WebPage","@id":"https:\/\/www.sociaalteamhouten.nl\/werken-bij\/","url":"https:\/\/www.sociaalteamhouten.nl\/werken-bij\/","name":"\u00c7al\u0131\u015fmak - Social Team Houten","isPartOf":{"@id":"https:\/\/www.sociaalteamhouten.nl\/#website"},"datePublished":"2025-04-17T11:20:09+00:00","dateModified":"2026-01-28T10:20:48+00:00","description":"Sociaal Team Houten'de de\u011fi\u015fimi bir sorun olarak de\u011fil, \u00fcstesinden gelmemiz gereken bir meydan okuma olarak g\u00f6r\u00fcyoruz. Birlikte neler yap\u0131labilece\u011fine bak\u0131yoruz. - \u00c7al\u0131\u015fmak","breadcrumb":{"@id":"https:\/\/www.sociaalteamhouten.nl\/werken-bij\/#breadcrumb"},"inLanguage":"tr","potentialAction":[{"@type":"ReadAction","target":["https:\/\/www.sociaalteamhouten.nl\/werken-bij\/"]}]},{"@type":"BreadcrumbList","@id":"https:\/\/www.sociaalteamhouten.nl\/werken-bij\/#breadcrumb","itemListElement":[{"@type":"ListItem","position":1,"name":"Home","item":"https:\/\/www.sociaalteamhouten.nl\/"},{"@type":"ListItem","position":2,"name":"Werken bij"}]},{"@type":"WebSite","@id":"https:\/\/www.sociaalteamhouten.nl\/#website","url":"https:\/\/www.sociaalteamhouten.nl\/","name":"Sosyal Ekip Houten","description":"Daha fazla birlikte","publisher":{"@id":"https:\/\/www.sociaalteamhouten.nl\/#organization"},"potentialAction":[{"@type":"SearchAction","target":{"@type":"EntryPoint","urlTemplate":"https:\/\/www.sociaalteamhouten.nl\/?s={search_term_string}"},"query-input":{"@type":"PropertyValueSpecification","valueRequired":true,"valueName":"search_term_string"}}],"inLanguage":"tr"},{"@type":"Organization","@id":"https:\/\/www.sociaalteamhouten.nl\/#organization","name":"Sosyal Ekip Houten","url":"https:\/\/www.sociaalteamhouten.nl\/","logo":{"@type":"ImageObject","inLanguage":"tr","@id":"https:\/\/www.sociaalteamhouten.nl\/#\/schema\/logo\/image\/","url":"https:\/\/www.sociaalteamhouten.nl\/wp-content\/uploads\/2025\/04\/logo.svg","contentUrl":"https:\/\/www.sociaalteamhouten.nl\/wp-content\/uploads\/2025\/04\/logo.svg","caption":"Sociaal Team Houten"},"image":{"@id":"https:\/\/www.sociaalteamhouten.nl\/#\/schema\/logo\/image\/"}}]}},"_links":{"self":[{"href":"https:\/\/www.sociaalteamhouten.nl\/tr\/wp-json\/wp\/v2\/pages\/23","targetHints":{"allow":["GET"]}}],"collection":[{"href":"https:\/\/www.sociaalteamhouten.nl\/tr\/wp-json\/wp\/v2\/pages"}],"about":[{"href":"https:\/\/www.sociaalteamhouten.nl\/tr\/wp-json\/wp\/v2\/types\/page"}],"author":[{"embeddable":true,"href":"https:\/\/www.sociaalteamhouten.nl\/tr\/wp-json\/wp\/v2\/users\/1"}],"replies":[{"embeddable":true,"href":"https:\/\/www.sociaalteamhouten.nl\/tr\/wp-json\/wp\/v2\/comments?post=23"}],"version-history":[{"count":46,"href":"https:\/\/www.sociaalteamhouten.nl\/tr\/wp-json\/wp\/v2\/pages\/23\/revisions"}],"predecessor-version":[{"id":1475,"href":"https:\/\/www.sociaalteamhouten.nl\/tr\/wp-json\/wp\/v2\/pages\/23\/revisions\/1475"}],"wp:attachment":[{"href":"https:\/\/www.sociaalteamhouten.nl\/tr\/wp-json\/wp\/v2\/media?parent=23"}],"curies":[{"name":"wp","href":"https:\/\/api.w.org\/{rel}","templated":true}]}}