{"id":35,"date":"2025-04-17T12:22:24","date_gmt":"2025-04-17T11:22:24","guid":{"rendered":"https:\/\/www.sociaalteamhouten.nl\/?page_id=35"},"modified":"2026-04-23T12:14:41","modified_gmt":"2026-04-23T11:14:41","slug":"over-ons","status":"publish","type":"page","link":"https:\/\/www.sociaalteamhouten.nl\/tr\/over-ons\/","title":{"rendered":"Hakk\u0131m\u0131zda"},"content":{"rendered":"<section class=\"block page-header block--page-header\" data-strip-color=\"primary-light\">\n    <canvas id=\"headerCanvas\"><\/canvas>\n    <div class=\"block--page-header__content\">\n      <div class=\"container\">\n                <div class=\"row\">\n                      <div class=\"col-lg-3 d-flex justify-content-lg-end flex-column\">\n              <figure\n        class=\"image block--page-header__image-left d-none d-lg-block\"\n        \n    >\n        <img decoding=\"async\"\n            class=\"image__img image-position--center\"\n            src=\"https:\/\/www.sociaalteamhouten.nl\/wp-content\/uploads\/2025\/07\/251A4104-e1752045884876.webp\"\n            alt=\"\"\n            loading=\"lazy\"\n        \/>\n        \n    <\/figure>\n            <\/div>\n          \n          <div\n            class=\"col-lg-6 my-auto\"\n          >\n            <h1 class=\"block--page-header__title mb-0 h1 d-none d-lg-block\" >Biz Houten Sosyal Ekibiyiz<\/h1>\n    <h1 class=\"block--page-header__title mb-0 h1 d-block d-lg-none\" >Biz Houten Sosyal Ekibiyiz<\/h1>\n            \n            \n            <div class=\"text-wrapper block--page-header__text mt-8\">\n              <p>Hayat s\u00fcrekli de\u011fi\u015fiyor ve bazen cevaplar\u0131 olmayan sorular\u0131 da beraberinde getiriyor. Sociaal Team Houten'de de\u011fi\u015fimi bir sorun olarak de\u011fil, \u00fcstesinden gelmemiz gereken bir meydan okuma olarak g\u00f6r\u00fcyoruz. Birlikte neler yap\u0131labilece\u011fine bak\u0131yoruz. M\u00fcmk\u00fcn olan yerlerde, kendi g\u00fcc\u00fcn\u00fczle devam edebilmeniz i\u00e7in a\u011f\u0131n\u0131z\u0131 da dahil ediyoruz. Ekstra yard\u0131ma m\u0131 ihtiyac\u0131n\u0131z var? O zaman size \u00f6zel destek sunuyoruz. M\u00fcmk\u00fcnse k\u0131sa, gerekirse uzun. Biz size ihtiyac\u0131n\u0131z olan itici g\u00fcc\u00fc verirken kontrol sizde kal\u0131r. Herkes kat\u0131lma, hayat\u0131n\u0131n kontrol\u00fcn\u00fc elinde tutma ve g\u00fcvenle ilerleme \u015fans\u0131n\u0131 hak ediyor!<\/p>\n            <\/div>\n            \n            \n            \n            \n                      <\/div>\n                      <div class=\"col-xl-2 offset-xl-1 col-lg-3\">\n              <figure\n        class=\"image block--page-header__image-right mt-10 mt-lg-0 mx-auto\"\n        \n    >\n        <img decoding=\"async\"\n            class=\"image__img image-position--center\"\n            src=\"https:\/\/www.sociaalteamhouten.nl\/wp-content\/uploads\/2025\/07\/251A3679.webp\"\n            alt=\"\"\n            loading=\"lazy\"\n        \/>\n        \n    <\/figure>\n            <\/div>\n                  <\/div>\n      <\/div>\n    <\/div>\n  <\/section>\n\n\n<section\n    class=\"block section-scroller block--section-scroller\"\n    x-data=\"{      scrollTo(id) {        const el = document.getElementById(id)        if (el) {          const elRect = el.getBoundingClientRect()          const scrollY = window.scrollY || window.pageYOffset          const elCenter = elRect.top + scrollY + elRect.height \/ 2          const viewportCenter = window.innerHeight \/ 2          const targetScroll = elCenter - viewportCenter          window.scrollTo({ top: targetScroll, behavior: 'smooth' })        }      },    }\"\n  >\n          \n      <div class=\"floating-nav-wrapper d-none d-lg-block\">\n        <div class=\"floating-nav\">\n          <svg width=\"0\" height=\"0\" style=\"position: absolute\">\n            <defs>\n              <clippath\n                id=\"clip-floating-nav\"\n                clippathunits=\"objectBoundingBox\"\n              >\n                <path\n                  d=\"M0.764,0c0.087,0,0.165,0.011,0.235,0.036v0.964H0C0.122,0.274,0.337,0,0.764,0Z\"\n                \/>\n              <\/clippath>\n            <\/defs>\n          <\/svg>\n          <div class=\"container\">\n            <div class=\"row\">\n              <div class=\"col\">\n                <nav>\n                  <ul>\n                                          \n                      <li class=\"h4\">\n                        <a\n                          tabindex=\"0\"\n                          href=\"#visie-en-waarden\"\n                          @click.prevent=\"scrollTo('visie-en-waarden')\"\n                          data-section-id=\"visie-en-waarden\"\n                          data-section-scroller-nav=\"true\"\n                        >\n                          Vizyon ve De\u011ferler\n                        <\/a>\n                      <\/li>\n                                          \n                      <li class=\"h4\">\n                        <a\n                          tabindex=\"0\"\n                          href=\"#organisatie\"\n                          @click.prevent=\"scrollTo('organisatie')\"\n                          data-section-id=\"organisatie\"\n                          data-section-scroller-nav=\"true\"\n                        >\n                          Organizasyon\n                        <\/a>\n                      <\/li>\n                                          \n                      <li class=\"h4\">\n                        <a\n                          tabindex=\"0\"\n                          href=\"#onze-impact\"\n                          @click.prevent=\"scrollTo('onze-impact')\"\n                          data-section-id=\"onze-impact\"\n                          data-section-scroller-nav=\"true\"\n                        >\n                          Bizim etkimiz\n                        <\/a>\n                      <\/li>\n                                          \n                      <li class=\"h4\">\n                        <a\n                          tabindex=\"0\"\n                          href=\"#team\"\n                          @click.prevent=\"scrollTo('team')\"\n                          data-section-id=\"team\"\n                          data-section-scroller-nav=\"true\"\n                        >\n                          Tak\u0131m\n                        <\/a>\n                      <\/li>\n                                          \n                      <li class=\"h4\">\n                        <a\n                          tabindex=\"0\"\n                          href=\"#bestuur-en-rvt\"\n                          @click.prevent=\"scrollTo('bestuur-en-rvt')\"\n                          data-section-id=\"bestuur-en-rvt\"\n                          data-section-scroller-nav=\"true\"\n                        >\n                          Bestuur en RvT\n                        <\/a>\n                      <\/li>\n                                          \n                      <li class=\"h4\">\n                        <a\n                          tabindex=\"0\"\n                          href=\"#documenten\"\n                          @click.prevent=\"scrollTo('documenten')\"\n                          data-section-id=\"documenten\"\n                          data-section-scroller-nav=\"true\"\n                        >\n                          Belgeler\n                        <\/a>\n                      <\/li>\n                                          \n                      <li class=\"h4\">\n                        <a\n                          tabindex=\"0\"\n                          href=\"#geef-je-mening\"\n                          @click.prevent=\"scrollTo('geef-je-mening')\"\n                          data-section-id=\"geef-je-mening\"\n                          data-section-scroller-nav=\"true\"\n                        >\n                          Fikrinizi belirtin\n                        <\/a>\n                      <\/li>\n                                      <\/ul>\n                <\/nav>\n                <div class=\"float-right block--section-scroller__contact\">\n                                      <a\n                      tabindex=\"0\"\n                      class=\"btn btn--secondary\"\n                      href=\"https:\/\/www.sociaalteamhouten.nl\/tr\/contact\/\"\n                    >\n                      <i class=\"icon icon-speech me-3\"><\/i>\n                      <span>\n                        Bize ula\u015f\u0131n\n                      <\/span>\n                    <\/a>\n                                  <\/div>\n              <\/div>\n            <\/div>\n          <\/div>\n        <\/div>\n      <\/div>\n    \n    <div class=\"container\">\n      <div class=\"row\">\n                  <div class=\"block--section-scroller__shape d-block d-lg-none\">\n            <svg\n              width=\"360\"\n              height=\"440\"\n              viewbox=\"0 0 360 440\"\n              fill=\"none\"\n              xmlns=\"http:\/\/www.w3.org\/2000\/svg\"\n            >\n              <path\n                d=\"M361 440H-15.0967C62.1493 143.397 178.384 14.1074 361 0.258789V440Z\"\n                fill=\"#D9D9D9\"\n              \/>\n            <\/svg>\n          <\/div>\n                      \n            <div class=\"col-lg-12\">\n              <div class=\"row\">\n                <div\n                  class=\"col-lg-6 d-flex block--section-scroller__col\"\n                  id=\"visie-en-waarden\"\n                  data-section-id=\"visie-en-waarden\"\n                >\n                  <div class=\"block--section-scroller__section mt-auto\">\n                                          <h2 class=\"block--section-scroller__section__title\">\n                        Vizyon ve De\u011ferler\n                      <\/h2>\n                    \n                                          <div\n                        class=\"block--section-scroller__section__content text-wrapper\"\n                      >\n                        <h3 class=\"h4\">Birlikte ola\u011fan ya\u015fam\u0131n g\u00fc\u00e7lendirilmesi<\/h3>\n<p>B\u00fcy\u00fcme, yeni bak\u0131\u015f a\u00e7\u0131lar\u0131na yer verdi\u011finizde ger\u00e7ekle\u015fir. Ancak baz\u0131lar\u0131na do\u011fal gelen \u015feyler di\u011ferlerine engel olabilir. Ve herkes g\u00fcvenle ilerleme \u015fans\u0131n\u0131 hak eder. Bu nedenle, sakinlerin durumlar\u0131n\u0131 kavramalar\u0131na, dayan\u0131kl\u0131l\u0131k geli\u015ftirmelerine ve tam kat\u0131l\u0131m sa\u011flamalar\u0131na yard\u0131mc\u0131 oluyoruz. Motivasyonumuz mu? \u0130nsanlar\u0131 kendi ba\u015flar\u0131na ilerleyebilmeleri i\u00e7in g\u00fc\u00e7lendirmek. Uzman bak\u0131m\u0131na ihtiya\u00e7 duyulmadan \u00f6nce, bir ki\u015finin kendi ya\u015fam \u00e7evresinden destek alarak kendi ba\u015f\u0131na neler yapabilece\u011fine bak\u0131yoruz.<\/p>\n\n                      <\/div>\n                    \n                                      <\/div>\n                <\/div>\n              <\/div>\n            <\/div>\n                      \n            <div class=\"col-lg-12\">\n              <div class=\"row\">\n                <div\n                  class=\"col-lg-6 d-flex block--section-scroller__col\"\n                  id=\"organisatie\"\n                  data-section-id=\"organisatie\"\n                >\n                  <div class=\"block--section-scroller__section mt-auto\">\n                                          <h2 class=\"block--section-scroller__section__title\">\n                        Organizasyon\n                      <\/h2>\n                    \n                                          <div\n                        class=\"block--section-scroller__section__content text-wrapper\"\n                      >\n                        <p>\u015eubat 2018'deki kurulu\u015fumuzdan bu yana, kendimizi Houten sakinlerine adad\u0131k. Gen\u00e7lik Yasas\u0131 ve Sosyal Destek Yasas\u0131'n\u0131n uygulay\u0131c\u0131s\u0131 olarak, hem gen\u00e7ler hem de yeti\u015fkinler i\u00e7in \u00f6nleme ve deste\u011fe odaklan\u0131yoruz.<\/p>\n<p>Hevesli profesyonellerden olu\u015fan ekibimiz, zengin deneyim ve bilgi birikimini bir araya getiriyor. Farkl\u0131 uzmanl\u0131klardan olu\u015fan bu zengin kar\u0131\u015f\u0131m, Houten ve \u00e7evresinde ya\u015fayanlar i\u00e7in ger\u00e7ekten bir fark yaratmam\u0131z\u0131 sa\u011fl\u0131yor. Bizi belediyenin t\u00fcm b\u00f6lgelerinde ve Sosyal Alandaki ortaklar\u0131m\u0131zla yak\u0131n i\u015fbirli\u011fi i\u00e7inde \u00e7al\u0131\u015ft\u0131\u011f\u0131m\u0131z d\u0131\u015f b\u00f6lgelerde bulabilirsiniz.<\/p>\n<p>Om ons werk betrokken en effici\u00ebnt uit te voeren, maken we gebruik van programma&#8217;s <!--StartFragment --><span class=\"cf0\">met artifici\u00eble intelligentie (AI)<\/span><!--EndFragment --> die onze administratieve last verminderen, zodat onze aandacht meer bij de inwoner ligt.<\/p>\n\n                      <\/div>\n                    \n                                      <\/div>\n                <\/div>\n              <\/div>\n            <\/div>\n                      \n            <div class=\"col-lg-12\">\n              <div class=\"row\">\n                <div\n                  class=\"col-lg-6 d-flex block--section-scroller__col\"\n                  id=\"onze-impact\"\n                  data-section-id=\"onze-impact\"\n                >\n                  <div class=\"block--section-scroller__section mt-auto\">\n                                          <h2 class=\"block--section-scroller__section__title\">\n                        Bizim etkimiz\n                      <\/h2>\n                    \n                                          <div\n                        class=\"block--section-scroller__section__content text-wrapper\"\n                      >\n                        <p>\u00d6nleme ve hafif destekle, k\u00fc\u00e7\u00fck zorluklar\u0131n b\u00fcy\u00fck zorluklara d\u00f6n\u00fc\u015fmesini \u00f6nl\u00fcyoruz. Gerekti\u011finde devreye giriyor ve ki\u015fi kendi ba\u015f\u0131na idare edebilecek duruma gelir gelmez geri ad\u0131m at\u0131yoruz. Yerel ortaklarla birlikte, sakinlerin desteklendiklerini hissettikleri g\u00fc\u00e7l\u00fc bir sosyal taban olu\u015fturuyoruz.<\/p>\n<p>Gereksiz engeller olmaks\u0131z\u0131n ki\u015fiye \u00f6zel bak\u0131m ve destek sa\u011fl\u0131yoruz. Bu sayede herkesin kat\u0131l\u0131m\u0131na, kendini de\u011ferli hissetmesine ve kendi hayat\u0131n\u0131n kontrol\u00fcn\u00fc eline almas\u0131na olanak sa\u011fl\u0131yoruz.<\/p>\n\n                      <\/div>\n                    \n                                                                  <div class=\"block--section-scroller__section__buttons\">\n                                                      <a\n            href=\"https:\/\/www.sociaalteamhouten.nl\/wp-content\/uploads\/2025\/07\/Boekje-Social-Team-met-cover-spreads.pdf\"\n                aria-label=\"Yeni sekmede a\u00e7\"\n        tabindex=\"0\"\n            target=\"_blank\"\n        class=\"btn btn wp-block-section-scroller\"\n          >\n    Lustrum kitap\u00e7\u0131\u011f\u0131n\u0131 indirin\n    \n  <\/a>\n\n                                                    <\/div>\n                      \n                                                            <\/div>\n                <\/div>\n              <\/div>\n            <\/div>\n                      \n            <div class=\"col-lg-12\">\n              <div class=\"row\">\n                <div\n                  class=\"col-lg-6 d-flex block--section-scroller__col\"\n                  id=\"team\"\n                  data-section-id=\"team\"\n                >\n                  <div class=\"block--section-scroller__section mt-auto\">\n                                          <h2 class=\"block--section-scroller__section__title\">\n                        Tak\u0131m\n                      <\/h2>\n                    \n                                          <div\n                        class=\"block--section-scroller__section__content text-wrapper\"\n                      >\n                        <p>Destekledi\u011fimiz her sakinin arkas\u0131nda Social Team Houten'in \u00e7al\u0131\u015fma arkada\u015flar\u0131 var. Onlar kurulu\u015fumuzun arkas\u0131ndaki g\u00fc\u00e7t\u00fcr. Farkl\u0131 uzmanl\u0131k alanlar\u0131 ve deneyimleriyle, sakinlerin g\u00fc\u00e7lendirilmesine de\u011ferli bir katk\u0131 sa\u011flayan yetenekler getiriyorlar, b\u00f6ylece hayatlar\u0131n\u0131n kontrol\u00fcn\u00fc kendileri ele alabiliyorlar. Bu da ekibimizi her g\u00fcn motive ediyor. Bu nedenle Houten sakinleri i\u00e7in de\u011fi\u015fimi m\u00fcmk\u00fcn k\u0131lmak \u00fczere \u00f6zveriyle \u00e7al\u0131\u015f\u0131yoruz.<\/p>\n\n                      <\/div>\n                    \n                                      <\/div>\n                <\/div>\n              <\/div>\n            <\/div>\n                      \n            <div class=\"col-lg-12\">\n              <div class=\"row\">\n                <div\n                  class=\"col-lg-6 d-flex block--section-scroller__col\"\n                  id=\"bestuur-en-rvt\"\n                  data-section-id=\"bestuur-en-rvt\"\n                >\n                  <div class=\"block--section-scroller__section mt-auto\">\n                                          <h2 class=\"block--section-scroller__section__title\">\n                        Bestuur en RvT\n                      <\/h2>\n                    \n                                          <div\n                        class=\"block--section-scroller__section__content text-wrapper\"\n                      >\n                        <p>De directeur bestuurder van het Sociaal Team Houten is Cecile Ter Beek<br \/>\nNevenwerkzaamheden:<\/p>\n<ul>\n<li>Secretaris van de Associatie Wijkteams (AW)<\/li>\n<li>Lid Koersgroep Kwaliteit en Blijvend Leren vanuit perspectief AW<\/li>\n<li>Voorzitter van de Raad van Toezicht van Stichting Cultuurhuis Kanaleneiland<\/li>\n<\/ul>\n<p>De Raad van Toezicht bestaat uit de volgende leden:<\/p>\n<p>Eric Dorscheidt (voorzitter)<br \/>\nHoofdfunctie: bestuurs- en directie adviseur Duo+<br \/>\nNevenwerkzaamheden:<\/p>\n<ul>\n<li>Secretaris Stuurgroep i-Sociaal Domein<\/li>\n<li>Directeur Plezier &amp; Succes<\/li>\n<\/ul>\n<p>Peter Hofman (algemeen lid, portefeuille bedrijfsvoering)<br \/>\nHoofdfunctie: managing partner D&amp;A medical group<br \/>\nNevenwerkzaamheden:<\/p>\n<ul>\n<li>Voorzitter raad van Commissarissen Medisch Kinderdagverblijf Prikkebeen<\/li>\n<\/ul>\n<p>Marianne Eussen (algemeen lid)<br \/>\nHoofdfunctie: eigenaar \/ managementcoach PALET coaching | advies | interimmanagement<br \/>\nNevenwerkzaamheden:<\/p>\n<ul>\n<li>Vennoot\/ supervisor MySupervisor<\/li>\n<li>Lid inwonersparticipatieraad gemeente Soest (sociaal domein)<\/li>\n<li>Lid Raad van Toezicht Samenwerkingsverband Passend Onderwijs VO ZOU<\/li>\n<\/ul>\n<p>Wouter Keijser (algemeen lid)<br \/>\nHoofdfunctie: Traumatherapeut, DrWouterKeijser.nl, Utrecht<br \/>\nNevenwerkzaamheden:<\/p>\n<ul>\n<li>Lid RvT Land van Horne, Weert<\/li>\n<li>Lid RvAdvies, Stichting Emovere<\/li>\n<li>Lid ZonMw Commissie Programma Versterking van de eerstelijnszorg<\/li>\n<li>Lid ZonMw Commissie Programma Kenniswerkplaatsen Jeugd<\/li>\n<li>Lid ZonMw Commissie Programma Academische werkplaatsen Huisartsenzorg<\/li>\n<li>Adviseur \/ DGA Wacomed BV, Utrecht<\/li>\n<li>Adviseur \/ onderzoeker, CORNER-Project, Rotterdam<\/li>\n<\/ul>\n\n                      <\/div>\n                    \n                                      <\/div>\n                <\/div>\n              <\/div>\n            <\/div>\n                      \n            <div class=\"col-lg-12\">\n              <div class=\"row\">\n                <div\n                  class=\"col-lg-6 d-flex block--section-scroller__col\"\n                  id=\"documenten\"\n                  data-section-id=\"documenten\"\n                >\n                  <div class=\"block--section-scroller__section mt-auto\">\n                                          <h2 class=\"block--section-scroller__section__title\">\n                        Belgeler\n                      <\/h2>\n                    \n                                          <div\n                        class=\"block--section-scroller__section__content text-wrapper\"\n                      >\n                        <p>Je bent op de pagina beland waar we al onze gepubliceerde documenten graag delen. Netjes gesorteerd per onderwerp, zodat je gemakkelijk vindt waar je op dat moment naar zoekt. Van jaarverslagen en praktische handleidingen tot overzichtelijke stappenplannen, we zijn graag transparant.<\/p>\n\n                      <\/div>\n                    \n                                                                  <div class=\"block--section-scroller__section__buttons\">\n                                                      <a\n            href=\"https:\/\/www.sociaalteamhouten.nl\/wp-content\/uploads\/2025\/07\/ontwikkelagenda.pdf\"\n                aria-label=\"Yeni sekmede a\u00e7\"\n        tabindex=\"0\"\n            target=\"_blank\"\n        class=\"btn btn wp-block-section-scroller\"\n          >\n    Kalk\u0131nma g\u00fcndemini indirin\n    \n  <\/a>\n\n                                                        <a\n            href=\"https:\/\/www.sociaalteamhouten.nl\/wp-content\/uploads\/2026\/03\/Jaarverslag2025_SociaalTeamHouten_vsdef.pdf\"\n                aria-label=\"Yeni sekmede a\u00e7\"\n        tabindex=\"0\"\n            target=\"_blank\"\n        class=\"btn btn wp-block-section-scroller\"\n          >\n    Download jaarverslag Sociaal Team Houten 2025\n    \n  <\/a>\n\n                                                        <a\n            href=\"https:\/\/www.sociaalteamhouten.nl\/wp-content\/uploads\/2025\/07\/Bijlage-1-Jaarverslag-2024-ombudsfunctionaris.pdf\"\n                aria-label=\"Yeni sekmede a\u00e7\"\n        tabindex=\"0\"\n            target=\"_blank\"\n        class=\"btn btn wp-block-section-scroller\"\n          >\n    Download jaarverslag Ombudsfuntionaris\n    \n  <\/a>\n\n                                                    <\/div>\n                      \n                                                            <\/div>\n                <\/div>\n              <\/div>\n            <\/div>\n                      \n            <div class=\"col-lg-12\">\n              <div class=\"row\">\n                <div\n                  class=\"col-lg-6 d-flex block--section-scroller__col\"\n                  id=\"geef-je-mening\"\n                  data-section-id=\"geef-je-mening\"\n                >\n                  <div class=\"block--section-scroller__section mt-auto\">\n                                          <h2 class=\"block--section-scroller__section__title\">\n                        Fikrinizi belirtin\n                      <\/h2>\n                    \n                                          <div\n                        class=\"block--section-scroller__section__content text-wrapper\"\n                      >\n                        <p>Bizimle payla\u015ft\u0131\u011f\u0131n\u0131z her deneyim \u00f6nemlidir. \u0130ster bir iltifat ister iyile\u015ftirme noktas\u0131 olsun, geri bildiriminiz hizmetimizi ihtiya\u00e7lar\u0131n\u0131za g\u00f6re daha iyi uyarlamam\u0131za yard\u0131mc\u0131 olur. Daha az iyi bir deneyim mi ya\u015fad\u0131n\u0131z? Genellikle, irtibat ki\u015finizle yapaca\u011f\u0131n\u0131z a\u00e7\u0131k bir g\u00f6r\u00fc\u015fme zaten bir \u00e7\u00f6z\u00fcm sunar. Bu i\u015fe yaramazsa, ekip lideri konuyu incelemekten mutluluk duyacakt\u0131r. Daha fazla \u00f6zen gerektiren durumlar i\u00e7in, ger\u00e7ekten duyulman\u0131z\u0131 sa\u011flayan a\u00e7\u0131k bir \u015fikayet prosed\u00fcr\u00fcm\u00fcz var. Deneyimleriniz b\u00fcy\u00fcmemize yard\u0131mc\u0131 oluyor.<\/p>\n\n                      <\/div>\n                    \n                                                                  <div class=\"block--section-scroller__section__buttons\">\n                                                      <a\n            href=\"mailto:secretariaat@sociaalteamhouten.nl?subject=Feedback\"\n            tabindex=\"0\"\n        class=\"btn btn wp-block-section-scroller\"\n          >\n    Geri bildirim verin\n    \n  <\/a>\n\n                                                        <a\n            href=\"mailto:secretariaat@sociaalteamhouten.nl?subject=Klacht\"\n            tabindex=\"0\"\n        class=\"btn btn wp-block-section-scroller\"\n          >\n    \u015eikayet bildir\n    \n  <\/a>\n\n                                                        <a\n            href=\"https:\/\/www.sociaalteamhouten.nl\/tr\/klachtenbehandeling\/\"\n            tabindex=\"0\"\n        class=\"btn btn wp-block-section-scroller\"\n          >\n    \u015eikayetlerin ele al\u0131nmas\u0131 i\u00e7in yol haritas\u0131\n    \n  <\/a>\n\n                                                    <\/div>\n                      \n                                              <div\n                          class=\"d-block d-lg-none block--section-scroller__contact mt-3\"\n                        >\n                          <a\n                            class=\"btn btn--secondary\"\n                            href=\"https:\/\/www.sociaalteamhouten.nl\/tr\/contact\/\"\n                          >\n                            <i class=\"icon icon-speech me-3\"><\/i>\n                            <span>\n                              Bize ula\u015f\u0131n\n                            <\/span>\n                          <\/a>\n                        <\/div>\n                                                            <\/div>\n                <\/div>\n              <\/div>\n            <\/div>\n                        <\/div>\n    <\/div>\n  <\/section>","protected":false},"excerpt":{"rendered":"","protected":false},"author":1,"featured_media":0,"parent":0,"menu_order":14,"comment_status":"closed","ping_status":"closed","template":"","meta":{"_acf_changed":false,"footnotes":""},"class_list":["post-35","page","type-page","status-publish","hentry"],"acf":[],"yoast_head":"<!-- This site is optimized with the Yoast SEO plugin v27.3 - https:\/\/yoast.com\/product\/yoast-seo-wordpress\/ -->\n<title>Over ons - Sociaal Team Houten<\/title>\n<meta name=\"description\" content=\"Bij het Sociaal Team Houten zien we verandering niet als een probleem, maar een uitdaging die we aangaan. Samen kijken we naar wat w\u00e9l kan. - Over ons\" \/>\n<meta name=\"robots\" content=\"index, follow, max-snippet:-1, max-image-preview:large, max-video-preview:-1\" \/>\n<link rel=\"canonical\" href=\"https:\/\/www.sociaalteamhouten.nl\/tr\/over-ons\/\" \/>\n<meta property=\"og:locale\" content=\"tr_TR\" \/>\n<meta property=\"og:type\" content=\"article\" \/>\n<meta property=\"og:title\" content=\"Over ons - Sociaal Team Houten\" \/>\n<meta property=\"og:description\" content=\"Bij het Sociaal Team Houten zien we verandering niet als een probleem, maar een uitdaging die we aangaan. Samen kijken we naar wat w\u00e9l kan. - Over ons\" \/>\n<meta property=\"og:url\" content=\"https:\/\/www.sociaalteamhouten.nl\/tr\/over-ons\/\" \/>\n<meta property=\"og:site_name\" content=\"Sociaal Team Houten\" \/>\n<meta property=\"article:modified_time\" content=\"2026-04-23T11:14:41+00:00\" \/>\n<meta name=\"twitter:card\" content=\"summary_large_image\" \/>\n<meta name=\"twitter:label1\" content=\"Tahmini okuma s\u00fcresi\" \/>\n\t<meta name=\"twitter:data1\" content=\"5 dakika\" \/>\n<script type=\"application\/ld+json\" class=\"yoast-schema-graph\">{\"@context\":\"https:\\\/\\\/schema.org\",\"@graph\":[{\"@type\":\"WebPage\",\"@id\":\"https:\\\/\\\/www.sociaalteamhouten.nl\\\/over-ons\\\/\",\"url\":\"https:\\\/\\\/www.sociaalteamhouten.nl\\\/over-ons\\\/\",\"name\":\"Over ons - Sociaal Team Houten\",\"isPartOf\":{\"@id\":\"https:\\\/\\\/www.sociaalteamhouten.nl\\\/#website\"},\"datePublished\":\"2025-04-17T11:22:24+00:00\",\"dateModified\":\"2026-04-23T11:14:41+00:00\",\"description\":\"Bij het Sociaal Team Houten zien we verandering niet als een probleem, maar een uitdaging die we aangaan. Samen kijken we naar wat w\u00e9l kan. - Over ons\",\"breadcrumb\":{\"@id\":\"https:\\\/\\\/www.sociaalteamhouten.nl\\\/over-ons\\\/#breadcrumb\"},\"inLanguage\":\"tr\",\"potentialAction\":[{\"@type\":\"ReadAction\",\"target\":[\"https:\\\/\\\/www.sociaalteamhouten.nl\\\/over-ons\\\/\"]}]},{\"@type\":\"BreadcrumbList\",\"@id\":\"https:\\\/\\\/www.sociaalteamhouten.nl\\\/over-ons\\\/#breadcrumb\",\"itemListElement\":[{\"@type\":\"ListItem\",\"position\":1,\"name\":\"Home\",\"item\":\"https:\\\/\\\/www.sociaalteamhouten.nl\\\/\"},{\"@type\":\"ListItem\",\"position\":2,\"name\":\"Over ons\"}]},{\"@type\":\"WebSite\",\"@id\":\"https:\\\/\\\/www.sociaalteamhouten.nl\\\/#website\",\"url\":\"https:\\\/\\\/www.sociaalteamhouten.nl\\\/\",\"name\":\"Sociaal Team Houten\",\"description\":\"Samen verder\",\"publisher\":{\"@id\":\"https:\\\/\\\/www.sociaalteamhouten.nl\\\/#organization\"},\"potentialAction\":[{\"@type\":\"SearchAction\",\"target\":{\"@type\":\"EntryPoint\",\"urlTemplate\":\"https:\\\/\\\/www.sociaalteamhouten.nl\\\/?s={search_term_string}\"},\"query-input\":{\"@type\":\"PropertyValueSpecification\",\"valueRequired\":true,\"valueName\":\"search_term_string\"}}],\"inLanguage\":\"tr\"},{\"@type\":\"Organization\",\"@id\":\"https:\\\/\\\/www.sociaalteamhouten.nl\\\/#organization\",\"name\":\"Sociaal Team Houten\",\"url\":\"https:\\\/\\\/www.sociaalteamhouten.nl\\\/\",\"logo\":{\"@type\":\"ImageObject\",\"inLanguage\":\"tr\",\"@id\":\"https:\\\/\\\/www.sociaalteamhouten.nl\\\/#\\\/schema\\\/logo\\\/image\\\/\",\"url\":\"https:\\\/\\\/www.sociaalteamhouten.nl\\\/wp-content\\\/uploads\\\/2025\\\/04\\\/logo.svg\",\"contentUrl\":\"https:\\\/\\\/www.sociaalteamhouten.nl\\\/wp-content\\\/uploads\\\/2025\\\/04\\\/logo.svg\",\"caption\":\"Sociaal Team Houten\"},\"image\":{\"@id\":\"https:\\\/\\\/www.sociaalteamhouten.nl\\\/#\\\/schema\\\/logo\\\/image\\\/\"}}]}<\/script>\n<!-- \/ Yoast SEO plugin. -->","yoast_head_json":{"title":"Hakk\u0131m\u0131zda - Social Team Houten","description":"Sociaal Team Houten'de de\u011fi\u015fimi bir sorun olarak de\u011fil, \u00fcstesinden gelmemiz gereken bir meydan okuma olarak g\u00f6r\u00fcyoruz. Birlikte neler yap\u0131labilece\u011fine bak\u0131yoruz. - Hakk\u0131m\u0131zda","robots":{"index":"index","follow":"follow","max-snippet":"max-snippet:-1","max-image-preview":"max-image-preview:large","max-video-preview":"max-video-preview:-1"},"canonical":"https:\/\/www.sociaalteamhouten.nl\/tr\/over-ons\/","og_locale":"tr_TR","og_type":"article","og_title":"Over ons - Sociaal Team Houten","og_description":"Bij het Sociaal Team Houten zien we verandering niet als een probleem, maar een uitdaging die we aangaan. Samen kijken we naar wat w\u00e9l kan. - Over ons","og_url":"https:\/\/www.sociaalteamhouten.nl\/tr\/over-ons\/","og_site_name":"Sociaal Team Houten","article_modified_time":"2026-04-23T11:14:41+00:00","twitter_card":"summary_large_image","twitter_misc":{"Tahmini okuma s\u00fcresi":"5 dakika"},"schema":{"@context":"https:\/\/schema.org","@graph":[{"@type":"WebPage","@id":"https:\/\/www.sociaalteamhouten.nl\/over-ons\/","url":"https:\/\/www.sociaalteamhouten.nl\/over-ons\/","name":"Hakk\u0131m\u0131zda - Social Team Houten","isPartOf":{"@id":"https:\/\/www.sociaalteamhouten.nl\/#website"},"datePublished":"2025-04-17T11:22:24+00:00","dateModified":"2026-04-23T11:14:41+00:00","description":"Sociaal Team Houten'de de\u011fi\u015fimi bir sorun olarak de\u011fil, \u00fcstesinden gelmemiz gereken bir meydan okuma olarak g\u00f6r\u00fcyoruz. Birlikte neler yap\u0131labilece\u011fine bak\u0131yoruz. - Hakk\u0131m\u0131zda","breadcrumb":{"@id":"https:\/\/www.sociaalteamhouten.nl\/over-ons\/#breadcrumb"},"inLanguage":"tr","potentialAction":[{"@type":"ReadAction","target":["https:\/\/www.sociaalteamhouten.nl\/over-ons\/"]}]},{"@type":"BreadcrumbList","@id":"https:\/\/www.sociaalteamhouten.nl\/over-ons\/#breadcrumb","itemListElement":[{"@type":"ListItem","position":1,"name":"Home","item":"https:\/\/www.sociaalteamhouten.nl\/"},{"@type":"ListItem","position":2,"name":"Over ons"}]},{"@type":"WebSite","@id":"https:\/\/www.sociaalteamhouten.nl\/#website","url":"https:\/\/www.sociaalteamhouten.nl\/","name":"Sosyal Ekip Houten","description":"Daha fazla birlikte","publisher":{"@id":"https:\/\/www.sociaalteamhouten.nl\/#organization"},"potentialAction":[{"@type":"SearchAction","target":{"@type":"EntryPoint","urlTemplate":"https:\/\/www.sociaalteamhouten.nl\/?s={search_term_string}"},"query-input":{"@type":"PropertyValueSpecification","valueRequired":true,"valueName":"search_term_string"}}],"inLanguage":"tr"},{"@type":"Organization","@id":"https:\/\/www.sociaalteamhouten.nl\/#organization","name":"Sosyal Ekip Houten","url":"https:\/\/www.sociaalteamhouten.nl\/","logo":{"@type":"ImageObject","inLanguage":"tr","@id":"https:\/\/www.sociaalteamhouten.nl\/#\/schema\/logo\/image\/","url":"https:\/\/www.sociaalteamhouten.nl\/wp-content\/uploads\/2025\/04\/logo.svg","contentUrl":"https:\/\/www.sociaalteamhouten.nl\/wp-content\/uploads\/2025\/04\/logo.svg","caption":"Sociaal Team Houten"},"image":{"@id":"https:\/\/www.sociaalteamhouten.nl\/#\/schema\/logo\/image\/"}}]}},"_links":{"self":[{"href":"https:\/\/www.sociaalteamhouten.nl\/tr\/wp-json\/wp\/v2\/pages\/35","targetHints":{"allow":["GET"]}}],"collection":[{"href":"https:\/\/www.sociaalteamhouten.nl\/tr\/wp-json\/wp\/v2\/pages"}],"about":[{"href":"https:\/\/www.sociaalteamhouten.nl\/tr\/wp-json\/wp\/v2\/types\/page"}],"author":[{"embeddable":true,"href":"https:\/\/www.sociaalteamhouten.nl\/tr\/wp-json\/wp\/v2\/users\/1"}],"replies":[{"embeddable":true,"href":"https:\/\/www.sociaalteamhouten.nl\/tr\/wp-json\/wp\/v2\/comments?post=35"}],"version-history":[{"count":40,"href":"https:\/\/www.sociaalteamhouten.nl\/tr\/wp-json\/wp\/v2\/pages\/35\/revisions"}],"predecessor-version":[{"id":1555,"href":"https:\/\/www.sociaalteamhouten.nl\/tr\/wp-json\/wp\/v2\/pages\/35\/revisions\/1555"}],"wp:attachment":[{"href":"https:\/\/www.sociaalteamhouten.nl\/tr\/wp-json\/wp\/v2\/media?parent=35"}],"curies":[{"name":"wp","href":"https:\/\/api.w.org\/{rel}","templated":true}]}}